{"id":19,"date":"2022-07-25T23:06:42","date_gmt":"2022-07-25T21:06:42","guid":{"rendered":"https:\/\/rytmus.se\/orebro\/?page_id=19"},"modified":"2025-08-26T10:49:36","modified_gmt":"2025-08-26T08:49:36","slug":"om-rytmus-orebro","status":"publish","type":"page","link":"https:\/\/rytmus.se\/orebro\/om-rytmus-orebro\/","title":{"rendered":"Om Rytmus \u00d6rebro"},"content":{"rendered":"\n\n<section  class=\"ams-cta ams-cta--stacked c-block l-stacked\" data-color-scheme=\"gra-ljus\">\n\t<div class=\"l-container l-stack l-stack-fluid-2xl u-pt-fluid-3xl-6xl u-pb-fluid-3xl-6xl is-center is-center@md\">\n\t\t\t\t\t<div class=\"ams-cta__intro l-stack l-stack-lg\">\n\t\t\t\t\t\n\t<h1\n\tclass=\"c-heading u-font-title-1 \"\n\tstyle=\"\">\n\t\t\n\t\t\t\t\tOm Rytmus \u00d6rebro\n\t\t\t\t\n\t<\/h1>\n\n\t\t\t\t\t\t\t\t\t<div class=\"c-text l-stack u-cs-xl u-font-body\">\n\t\t\t\t\t\t<p><span style=\"font-weight: 400;\">P\u00e5 Rytmus i \u00d6rebro f\u00e5r du tre h\u00e4rliga gymnasie\u00e5r. Vi jobbar med att alla elever ska v\u00e4xa som personer och att du ska n\u00e5 din fulla potential inom musik och andra studier. V\u00e5ra erfarna l\u00e4rare guidar och utmanar dig genom dina tre \u00e5r. Efter din student kommer du ha genomf\u00f6rt spelningar, medverkat p\u00e5 Clinics och f\u00e5tt l\u00e4ra dig det senaste inom musikbranschen samtidigt som du har f\u00e5tt en gedigen grund \u2013 s\u00e5 du kan s\u00e4tta sikte p\u00e5 ditt dr\u00f6mjobb eller utbildning!<\/span><\/p>\n\n\t\t\t\t\t<\/div>\n\t\t\t\t\t\t\t<\/div>\n\t\t\n\t\t\n\t\t\t<\/div>\n\n\t\t\n\n<\/section>\n\n\n\n\t\n\t\n\t\n\n\t\n\t\n\t\t\n<section  class=\"c-block l-stacked  \" data-color-scheme=\"\">\n\t<div class=\"ams-fifty ams-fifty--container ams-fifty--left ams-fifty--top l-container u-pt-fluid-3xl-6xl u-pb-fluid-md-xl\">\n\t\t<div class=\"ams-fifty__content l-stack l-stack-xl is-left is-left@lg\">\n\t\t\t<div class=\"ams-fifty__text l-stack l-stack-lg\">\n\t\t\t\t\t\n\t<h2\n\tclass=\"c-heading u-font-title-1 \"\n\tstyle=\"\">\n\t\t\n\t\t\t\t\tV\u00e5r skola\n\t\t\t\t\n\t<\/h2>\n\n\t\t\t\t\t\t\t\t\t<div class=\"text l-stack u-font-body\">\n\t\t\t\t\t\t<p>Vi finns i nybyggda Eyra Center i centrala \u00d6rebro, p\u00e5 Rudbecksgatan 56. H\u00e4r finns musikrum, inspelningsstudios, klassrum, grupprum, ja en m\u00e4ngd olika studiemilj\u00f6er och givetvis plats f\u00f6r paus och umg\u00e4nge. Alla elever f\u00e5r enskild undervisning p\u00e5 sitt huvudinstrument och en MacBook Air som verktyg f\u00f6r sina studier. Efter tre \u00e5r p\u00e5 Rytmus \u00e4r du redo f\u00f6r vad du \u00e4n vill g\u00f6ra; l\u00e4sa vidare p\u00e5 h\u00f6gskola och universitet eller satsa p\u00e5 en karri\u00e4r inom musiken. V\u00e5ra inriktningar ger grundl\u00e4ggande h\u00f6gskolebeh\u00f6righet och du som vill har m\u00f6jlighet att bredda din beh\u00f6righet genom individuellt val.<\/p>\n\n\t\t\t\t\t<\/div>\n\t\t\t\t\t\t\t<\/div>\n\n\t\t\t\t\t<\/div>\n\n\t\t <div class=\"ams-fifty__media u-ratio-square\">\n\t\t \t\t\t\t\t<img decoding=\"async\" width=\"600\" height=\"600\" src=\"https:\/\/rytmus.se\/wp-content\/uploads\/sites\/6\/2024\/06\/rytmuslatskrivareartist052022-600x600.jpg\" class=\"attachment-md size-md\" alt=\"Tjej p\u00e5 Rytmus \u00d6rebro sjunger och spelar gitarr.\" sizes=\"(min-width: 64em) 600px, calc(100vw - 160px)\" srcset=\"https:\/\/rytmus.se\/wp-content\/uploads\/sites\/6\/2024\/06\/rytmuslatskrivareartist052022-600x600.jpg 600w, https:\/\/rytmus.se\/wp-content\/uploads\/sites\/6\/2024\/06\/rytmuslatskrivareartist052022-150x150.jpg 150w, https:\/\/rytmus.se\/wp-content\/uploads\/sites\/6\/2024\/06\/rytmuslatskrivareartist052022-300x300.jpg 300w, https:\/\/rytmus.se\/wp-content\/uploads\/sites\/6\/2024\/06\/rytmuslatskrivareartist052022-400x400.jpg 400w, https:\/\/rytmus.se\/wp-content\/uploads\/sites\/6\/2024\/06\/rytmuslatskrivareartist052022-800x800.jpg 800w, https:\/\/rytmus.se\/wp-content\/uploads\/sites\/6\/2024\/06\/rytmuslatskrivareartist052022-1024x1024.jpg 1024w, https:\/\/rytmus.se\/wp-content\/uploads\/sites\/6\/2024\/06\/rytmuslatskrivareartist052022.jpg 1080w\" \/>\n\t\t\t\n\t\t\t\n\t\t\t\t\t<\/div>\n\t<\/div>\n\n\t\t\n\n<\/section>\n\n\n\n<div class=\"wp-block-group is-layout-constrained wp-block-group-is-layout-constrained\">\n<h2 class=\"wp-block-heading\">Upptr\u00e4d live<\/h2>\n\n\n\n<p>P\u00e5 Rytmus tycker vi att alla ska f\u00e5 st\u00e5 p\u00e5 scenen och utvecklas. D\u00e4rf\u00f6r f\u00e5r du som elev delta p\u00e5 konserter och i st\u00f6rre projekt som en del av din utbildning. P\u00e5 s\u00e5 s\u00e4tt f\u00e5r du b\u00e5de \u00f6va p\u00e5 din scenvana och l\u00e4ra dig hur konserter arrangeras.<\/p>\n\n\n\n<h2 class=\"wp-block-heading\">Rytmusandan<\/h2>\n\n\n\n<p>P\u00e5 Rytmus \u00d6rebro l\u00e4r du snabbt k\u00e4nna din klass och personal p\u00e5 skolan, och n\u00e4r eleverna sj\u00e4lva beskriver skolan pratar de ofta om den fina gemenskap som finns h\u00e4r. Vi brukar kalla det f\u00f6r Rytmusandan. Det inneb\u00e4r att vi tar hand om varandra och vill varandra v\u00e4l vilket ocks\u00e5 skapar en stor trygghet p\u00e5 skolan. M\u00e5nga elever gillar ocks\u00e5 att umg\u00e5s och musicera tillsammans \u00e4ven utanf\u00f6r lektionstid.<\/p>\n<\/div>\n\n\n<section \n\tclass=\"ams-info-graph  c-block l-stacked  \"\n\tdata-color-scheme=\"bakgrund-hover-standard\">\n\t<div\n\t\tclass=\"l-stack l-stack-fluid-2xl u-pt-fluid-3xl-6xl u-pb-fluid-3xl-6xl is-center is-center@md\">\n\t\t\n\t\t\n\t\t<ul class=\"ams-info-graph__list l-grid u-justify-start\">\n\t\t\t\t\t\t\t\t\t\n\t\t\t\t\t\t\t<li \n\t\t\t\t\tdata-color-scheme=\"gra-mork\"\n\t\t\t\t\tdata-color-scheme-mobile=\"gra-mork\"\n\t\t\t\t\tclass=\"c-ig  l-col-6@md\">\n\n\t\t\t\t\t\t\t\t\t\t\t<div class=\"c-ig__item l-stack\">\n\t\t\t\t\t\t\t\t\t\t<h2 class=\"c-ig__title u-font-title-3\">\n\t\t\t\t\t\t\tAntal elever p\u00e5 skolan\n\t\t\t\t\t\t<\/h2>\n\t\n\t\n\t\t\t<div\n\t\t\tclass=\"c-ig__number u-font-display animated\"\n\t\t\tdata-speed=\"1000\"\n\t\t\tdata-to=\"100\"\n\t\t\tdata-percent=\"\"\n\t\t>\n\t\t\t100\n\t\t<\/div>\n\t\n\t\n\t\n\t\t\t\t\t\t<\/div>\n\t\t\t\t\t\n\t\t\t\t<\/li>\n\t\t\t\t\t\t\t<li \n\t\t\t\t\tdata-color-scheme=\"gra-ljus\"\n\t\t\t\t\tdata-color-scheme-mobile=\"gra-ljus\"\n\t\t\t\t\tclass=\"c-ig  l-col-6@md\">\n\n\t\t\t\t\t\t\t\t\t\t\t<div class=\"c-ig__item l-stack\">\n\t\t\t\t\t\t\t\t\t\t<h2 class=\"c-ig__title u-font-title-3\">\n\t\t\t\t\t\t\tLive Nights\n\t\t\t\t\t\t<\/h2>\n\t\n\t\n\t\t\t<div\n\t\t\tclass=\"c-ig__number u-font-display animated\"\n\t\t\tdata-speed=\"1000\"\n\t\t\tdata-to=\"110\"\n\t\t\tdata-percent=\"\"\n\t\t>\n\t\t\t110\n\t\t<\/div>\n\t\n\t\t\t<div class=\"c-ig__text l-stack-xs u-font-body\">\n\t\t\t<p>Antal genomf\u00f6rda Live Nights p\u00e5 samtliga Rytmus skolor &#8211; v\u00e5r egna musikfestival<\/p>\n\n\t\t<\/div>\n\t\n\t\n\t\t\t\t\t\t<\/div>\n\t\t\t\t\t\n\t\t\t\t<\/li>\n\t\t\t\t\t<\/ul>\n\t<\/div>\n\n\t\t\n\n\n<\/section>\n\n\t\n\t\n\t\n\t\n\t\n\n\n\n<section  class=\"ams-info-card c-block l-stacked\" data-color-scheme=\"bakgrund-hover-standard_standard\">\n\t<div class=\"l-container l-stack l-stack-fluid-2xl u-pt-fluid-3xl-6xl u-pb-fluid-3xl-6xl is-center is-center@md\">\n\t\t\t\t\t<div class=\"ams-info-card__intro l-stack l-stack-lg\">\n\t\t\t\t\t\n\t<h2\n\tclass=\"c-heading u-font-title-1 \"\n\tstyle=\"\">\n\t\t\n\t\t\t\t\tRedo f\u00f6r framtiden efter Rytmus\n\t\t\t\t\n\t<\/h2>\n\n\t\t\t\t\t\t\t<\/div>\n\t\t\n\t\t\t\t\t\n<ul class=\"ams-info-card__list l-grid u-gap-2xl\">\n\t\t\t<li class=\"l-col-6@md l-col-4@lg\">\n\t\t\t<article\n\t\t\t\tclass=\"\n\t\t\t\tc-card\n\t\t\t\t\n\t\t\t\thas-media-zoom\n\t\t\t\t\n\t\t\t\t\"\n\t\t\t\tdata-variant=\"space\"\n\t\t\t\tdata-style=\"square\"\n\t\t\t\t data-click-area\n\t\t\t\t\n\t\t\t\t\n\t\t\t\t>\n\t\t\t\t<div class=\"c-card__content l-stack l-stack-sm is-left is-left@md\">\n\t\t\t\t\t\t\t\t\t\t\t<h3 class=\"c-card__title u-font-title-3\">\n\t\t\t\t\t\t\t\t\t\t\t\t\t\t\t<a class=\"c-card__link\" href=\"https:\/\/rytmus.se\/orebro\/om-rytmus-orebro\/clinics\/\" target=\"_self\">\n\t\t\t\t\t\t\t\t\tClinics\n\t\t\t\t\t\t\t\t<\/a>\n\t\t\t\t\t\t\t\t\t\t\t\t\t<\/h3>\n\t\t\t\t\t\n\t\t\t\t\t\t\t\t\t\t\t<div class=\"c-card__text l-stack-xs u-font-body\">\n\t\t\t\t\t\t\t<p><span style=\"font-weight: 400;\">Clinics \u00e4r g\u00e4stspel och f\u00f6rel\u00e4sningar med artister, musiker och andra verksamma inom branschen. <\/span><span style=\"font-weight: 400;\">P\u00e5 s\u00e5 s\u00e4tt f\u00e5r du l\u00e4ra dig om branschen, av branschen.<\/span><\/p>\n\n\t\t\t\t\t\t<\/div>\n\t\t\t\t\t\n\t\t\t\t\t\t\t\t\t\t\t<div class=\"c-card__icon c-card__icon--nl\">\n\t\t\t\t\t\t\t\t\t\t\t\t\t\t<svg class=\"ams-icon ams-icon--arrow-right\" width=\"32\" height=\"32\" viewbox=\"0 0 32 32\" fill=\"currentColor\" aria-hidden=\"true\" xmlns=\"http:\/\/www.w3.org\/2000\/svg\">\n\t\t\t\t\t\t\t\t\t\t\t\t\t\t\t\t<path d=\"M15.4617 0.252159L14.9567 0.75931C14.6219 1.09545 14.6219 1.64048 14.9567 1.97669L27.7062 14.7806H0.857144C0.383786 14.7806 0 15.166 0 15.6414V16.3587C0 16.8341 0.383786 17.2195 0.857144 17.2195H27.7062L14.9567 30.0234C14.6219 30.3595 14.6219 30.9045 14.9567 31.2407L15.4617 31.7479C15.7964 32.084 16.3392 32.084 16.6739 31.7479L31.749 16.6087C32.0837 16.2725 32.0837 15.7275 31.749 15.3913L16.6739 0.252159C16.3392 -0.084053 15.7964 -0.084053 15.4617 0.252159Z\"\/>\n\t\t\t\t\t\t\t\n\t\t\t\t\t\t\t<\/svg>\n\t\t\t\t\t\t<\/div>\n\t\t\t\t\t\t\t\t\t<\/div>\n\n\t\t\t\t\t\t\t\t\t<div class=\"c-card__media \" style=\" \">\n\t\t\t\t\t\t<img decoding=\"async\" width=\"400\" height=\"400\" src=\"https:\/\/rytmus.se\/wp-content\/uploads\/sites\/6\/2024\/06\/rytmus-clinics-202204-400x400.jpg\" class=\"\" alt=\"L\u00e4rare spelar trummor med elev.\" sizes=\"(min-width: 64em) 300px, (min-width: 48em) calc(.50 * (100vw - 304px)), calc(100vw - 208px)\" srcset=\"https:\/\/rytmus.se\/wp-content\/uploads\/sites\/6\/2024\/06\/rytmus-clinics-202204-400x400.jpg 400w, https:\/\/rytmus.se\/wp-content\/uploads\/sites\/6\/2024\/06\/rytmus-clinics-202204-150x150.jpg 150w, https:\/\/rytmus.se\/wp-content\/uploads\/sites\/6\/2024\/06\/rytmus-clinics-202204-300x300.jpg 300w, https:\/\/rytmus.se\/wp-content\/uploads\/sites\/6\/2024\/06\/rytmus-clinics-202204-600x600.jpg 600w, https:\/\/rytmus.se\/wp-content\/uploads\/sites\/6\/2024\/06\/rytmus-clinics-202204-800x800.jpg 800w, https:\/\/rytmus.se\/wp-content\/uploads\/sites\/6\/2024\/06\/rytmus-clinics-202204-1024x1024.jpg 1024w, https:\/\/rytmus.se\/wp-content\/uploads\/sites\/6\/2024\/06\/rytmus-clinics-202204.jpg 1080w\" \/>\n\t\t\t\t\t<\/div>\n\t\t\t\t\t\t\t<\/article>\n\t\t<\/li>\n\t\t\t<li class=\"l-col-6@md l-col-4@lg\">\n\t\t\t<article\n\t\t\t\tclass=\"\n\t\t\t\tc-card\n\t\t\t\t\n\t\t\t\thas-media-zoom\n\t\t\t\t\n\t\t\t\t\"\n\t\t\t\tdata-variant=\"space\"\n\t\t\t\tdata-style=\"square\"\n\t\t\t\t data-click-area\n\t\t\t\t\n\t\t\t\t\n\t\t\t\t>\n\t\t\t\t<div class=\"c-card__content l-stack l-stack-sm is-left is-left@md\">\n\t\t\t\t\t\t\t\t\t\t\t<h3 class=\"c-card__title u-font-title-3\">\n\t\t\t\t\t\t\t\t\t\t\t\t\t\t\t<a class=\"c-card__link\" href=\"https:\/\/rytmus.se\/orebro\/om-rytmus-orebro\/live-night\/\" target=\"_self\">\n\t\t\t\t\t\t\t\t\tLive Night\n\t\t\t\t\t\t\t\t<\/a>\n\t\t\t\t\t\t\t\t\t\t\t\t\t<\/h3>\n\t\t\t\t\t\n\t\t\t\t\t\t\t\t\t\t\t<div class=\"c-card__text l-stack-xs u-font-body\">\n\t\t\t\t\t\t\t<p><span style=\"font-weight: 400;\">Live Night \u00e4r Rytmus \u00e5rliga musikfestival som arrangeras av eleverna i \u00e5rskurs 3. Det \u00e4r en kv\u00e4ll fullsp\u00e4ckad med upptr\u00e4danden, show och fantastisk musik.<\/span><\/p>\n\n\t\t\t\t\t\t<\/div>\n\t\t\t\t\t\n\t\t\t\t\t\t\t\t\t\t\t<div class=\"c-card__icon c-card__icon--nl\">\n\t\t\t\t\t\t\t\t\t\t\t\t\t\t<svg class=\"ams-icon ams-icon--arrow-right\" width=\"32\" height=\"32\" viewbox=\"0 0 32 32\" fill=\"currentColor\" aria-hidden=\"true\" xmlns=\"http:\/\/www.w3.org\/2000\/svg\">\n\t\t\t\t\t\t\t\t\t\t\t\t\t\t\t\t<path d=\"M15.4617 0.252159L14.9567 0.75931C14.6219 1.09545 14.6219 1.64048 14.9567 1.97669L27.7062 14.7806H0.857144C0.383786 14.7806 0 15.166 0 15.6414V16.3587C0 16.8341 0.383786 17.2195 0.857144 17.2195H27.7062L14.9567 30.0234C14.6219 30.3595 14.6219 30.9045 14.9567 31.2407L15.4617 31.7479C15.7964 32.084 16.3392 32.084 16.6739 31.7479L31.749 16.6087C32.0837 16.2725 32.0837 15.7275 31.749 15.3913L16.6739 0.252159C16.3392 -0.084053 15.7964 -0.084053 15.4617 0.252159Z\"\/>\n\t\t\t\t\t\t\t\n\t\t\t\t\t\t\t<\/svg>\n\t\t\t\t\t\t<\/div>\n\t\t\t\t\t\t\t\t\t<\/div>\n\n\t\t\t\t\t\t\t\t\t<div class=\"c-card__media \" style=\" \">\n\t\t\t\t\t\t<img decoding=\"async\" width=\"400\" height=\"400\" src=\"https:\/\/rytmus.se\/wp-content\/uploads\/sites\/6\/2024\/06\/rytmus-live-night-202204-400x400.jpg\" class=\"\" alt=\"Elever p\u00e5 Rytmus musikgymnasium.\" sizes=\"(min-width: 64em) 300px, (min-width: 48em) calc(.50 * (100vw - 304px)), calc(100vw - 208px)\" srcset=\"https:\/\/rytmus.se\/wp-content\/uploads\/sites\/6\/2024\/06\/rytmus-live-night-202204-400x400.jpg 400w, https:\/\/rytmus.se\/wp-content\/uploads\/sites\/6\/2024\/06\/rytmus-live-night-202204-150x150.jpg 150w, https:\/\/rytmus.se\/wp-content\/uploads\/sites\/6\/2024\/06\/rytmus-live-night-202204-300x300.jpg 300w, https:\/\/rytmus.se\/wp-content\/uploads\/sites\/6\/2024\/06\/rytmus-live-night-202204-600x600.jpg 600w, https:\/\/rytmus.se\/wp-content\/uploads\/sites\/6\/2024\/06\/rytmus-live-night-202204-800x800.jpg 800w, https:\/\/rytmus.se\/wp-content\/uploads\/sites\/6\/2024\/06\/rytmus-live-night-202204-1024x1024.jpg 1024w, https:\/\/rytmus.se\/wp-content\/uploads\/sites\/6\/2024\/06\/rytmus-live-night-202204.jpg 1080w\" \/>\n\t\t\t\t\t<\/div>\n\t\t\t\t\t\t\t<\/article>\n\t\t<\/li>\n\t\t\t<li class=\"l-col-6@md l-col-4@lg\">\n\t\t\t<article\n\t\t\t\tclass=\"\n\t\t\t\tc-card\n\t\t\t\t\n\t\t\t\thas-media-zoom\n\t\t\t\t\n\t\t\t\t\"\n\t\t\t\tdata-variant=\"space\"\n\t\t\t\tdata-style=\"square\"\n\t\t\t\t data-click-area\n\t\t\t\t\n\t\t\t\t\n\t\t\t\t>\n\t\t\t\t<div class=\"c-card__content l-stack l-stack-sm is-left is-left@md\">\n\t\t\t\t\t\t\t\t\t\t\t<h3 class=\"c-card__title u-font-title-3\">\n\t\t\t\t\t\t\t\t\t\t\t\t\t\t\t<a class=\"c-card__link\" href=\"https:\/\/rytmus.se\/orebro\/program\/\" target=\"_self\">\n\t\t\t\t\t\t\t\t\tH\u00f6gskolebeh\u00f6righet\n\t\t\t\t\t\t\t\t<\/a>\n\t\t\t\t\t\t\t\t\t\t\t\t\t<\/h3>\n\t\t\t\t\t\n\t\t\t\t\t\t\t\t\t\t\t<div class=\"c-card__text l-stack-xs u-font-body\">\n\t\t\t\t\t\t\t<p><span style=\"font-weight: 400;\">P\u00e5 Rytmus erbjuder vi det Estetiska programmet med inriktning Musik. Programmet till\u00e5ter dig att b\u00e5de fokusera p\u00e5 din musikalitet och dina studier.<\/span><\/p>\n\n\t\t\t\t\t\t<\/div>\n\t\t\t\t\t\n\t\t\t\t\t\t\t\t\t\t\t<div class=\"c-card__icon c-card__icon--nl\">\n\t\t\t\t\t\t\t\t\t\t\t\t\t\t<svg class=\"ams-icon ams-icon--arrow-right\" width=\"32\" height=\"32\" viewbox=\"0 0 32 32\" fill=\"currentColor\" aria-hidden=\"true\" xmlns=\"http:\/\/www.w3.org\/2000\/svg\">\n\t\t\t\t\t\t\t\t\t\t\t\t\t\t\t\t<path d=\"M15.4617 0.252159L14.9567 0.75931C14.6219 1.09545 14.6219 1.64048 14.9567 1.97669L27.7062 14.7806H0.857144C0.383786 14.7806 0 15.166 0 15.6414V16.3587C0 16.8341 0.383786 17.2195 0.857144 17.2195H27.7062L14.9567 30.0234C14.6219 30.3595 14.6219 30.9045 14.9567 31.2407L15.4617 31.7479C15.7964 32.084 16.3392 32.084 16.6739 31.7479L31.749 16.6087C32.0837 16.2725 32.0837 15.7275 31.749 15.3913L16.6739 0.252159C16.3392 -0.084053 15.7964 -0.084053 15.4617 0.252159Z\"\/>\n\t\t\t\t\t\t\t\n\t\t\t\t\t\t\t<\/svg>\n\t\t\t\t\t\t<\/div>\n\t\t\t\t\t\t\t\t\t<\/div>\n\n\t\t\t\t\t\t\t\t\t<div class=\"c-card__media \" style=\" \">\n\t\t\t\t\t\t<img decoding=\"async\" width=\"400\" height=\"400\" src=\"https:\/\/rytmus.se\/wp-content\/uploads\/sites\/6\/2024\/06\/rytmus-musik-sam-202204-400x400.jpg\" class=\"\" alt=\"Tre elever i skolb\u00e4nk.\" sizes=\"(min-width: 64em) 300px, (min-width: 48em) calc(.50 * (100vw - 304px)), calc(100vw - 208px)\" srcset=\"https:\/\/rytmus.se\/wp-content\/uploads\/sites\/6\/2024\/06\/rytmus-musik-sam-202204-400x400.jpg 400w, https:\/\/rytmus.se\/wp-content\/uploads\/sites\/6\/2024\/06\/rytmus-musik-sam-202204-150x150.jpg 150w, https:\/\/rytmus.se\/wp-content\/uploads\/sites\/6\/2024\/06\/rytmus-musik-sam-202204-300x300.jpg 300w, https:\/\/rytmus.se\/wp-content\/uploads\/sites\/6\/2024\/06\/rytmus-musik-sam-202204-600x600.jpg 600w, https:\/\/rytmus.se\/wp-content\/uploads\/sites\/6\/2024\/06\/rytmus-musik-sam-202204-800x800.jpg 800w, https:\/\/rytmus.se\/wp-content\/uploads\/sites\/6\/2024\/06\/rytmus-musik-sam-202204-1024x1024.jpg 1024w, https:\/\/rytmus.se\/wp-content\/uploads\/sites\/6\/2024\/06\/rytmus-musik-sam-202204.jpg 1080w\" \/>\n\t\t\t\t\t<\/div>\n\t\t\t\t\t\t\t<\/article>\n\t\t<\/li>\n\t<\/ul>\n\t\n\t\t\t<\/div>\n\n\t\t\n\n<\/section>\n\n\n\n\n\n<section  class=\"ams-faq ams_event_module c-block l-stacked js-load-more\" data-color-scheme=\"nyans2_av_p2-hover-standard\" data-count=\"3\" data-count-mobile=\"3\">\n\t<div class=\"l-container l-stack l-stack-fluid-2xl u-pt-fluid-3xl-6xl u-pb-fluid-3xl-6xl is-center is-center@md\">\n\t\t\t\t\t<div class=\"ams-faq__intro l-stack l-stack-lg\">\n\t\t\t\t\t\n\t<h2\n\tclass=\"c-heading u-font-title-1 \"\n\tstyle=\"\">\n\t\t\n\t\t\t\t\tVanliga fr\u00e5gor\n\t\t\t\t\n\t<\/h2>\n\n\t\t\t\t\t\t\t\t\t<div class=\"c-text l-stack u-cs-xl u-font-body\">\n\t\t\t\t\t\t<p>H\u00e4r har vi samlat vanliga fr\u00e5gor och svar om v\u00e5r skola. Har du andra fr\u00e5gor \u00e4r du varmt v\u00e4lkommen att kontakta oss.<\/p>\n\n\t\t\t\t\t<\/div>\n\t\t\t\t\t\t\t<\/div>\n\t\t\n\t\t\n\t\n\t    \n\t\n\t<ul\n\t\tid=\"ams-faq-list-69f5c1fdd163e\"\n\t\tclass=\"ams-faq__ac ams-accordion_module c-accordion js-results \"\n\t\taria-label=\"Vanliga fr\u00e5gor\"\n\t\tdata-variant=\"border-between\"\n\t\tdata-ajax-action=\"log_faq_view\"\n\t\tdata-ajax-url=\"https:\/\/rytmus.se\/orebro\/wp-admin\/admin-ajax.php\"\n\t\tdata-ajax-nonce=\"8daed89002\"\n\t\tdata-filter-animation=\"off\">\n\n\t\t\n\t\t\t\t\t\t\t\t\t\t\t\t\t\t\t\n\t\t\t\n\t\t\t<li data-ajax-id=\"692\" class=\"c-accordion__item \"\n\t\t\tdata-filter=\"vanliga-fragor oktober-2022\"\n\t\t\t>\n\t\t\t\t<h3 class=\"c-accordion__header\">\n\t\t\t\t\t\t\t\t\t\t<button class=\"c-accordion__trigger u-py-sm u-px-fluid-md-xl u-font-title-4\">\n\t\t\t\t\t\t<span>Hur m\u00e5nga elever g\u00e5r det p\u00e5 skolan?<\/span>\n\t\t\t\t\t\t<svg class=\"ams-icon ams-icon__arrow-down\" width=\"24\" height=\"24\" viewbox=\"0 0 24 24\" fill=\"currentColor\" aria-hidden=\"true\" xmlns=\"http:\/\/www.w3.org\/2000\/svg\">\n\t\t\t\t\t\t\t\t\t\t\t\t\t<path d=\"m11.2033 18.4294-10.872894-10.67584c-.440539-.42594-.440539-1.1147 0-1.54065l.665495-.64345c.440539-.42595 1.152899-.42595 1.593439 0l9.41066 9.27114 9.4107-9.26207c.4405-.42595 1.1529-.42595 1.5934 0l.6655.64345c.4405.42594.4405 1.1147 0 1.54065l-10.8729 10.67587c-.4405.4168-1.1529.4168-1.5934-.0091z\"\/>\n\t\t\t\t\t\n\t\t\t\t\t\t<\/svg>\n\t\t\t\t\t<\/button>\n\t\t\t\t<\/h3>\n\t\t\t\t<div class=\"c-accordion__body l-stack u-font-body\">\n\t\t\t\t\t<div class=\"c-accordion__body__inner u-p-fluid-md-xl l-stack\">\n\t\t\t\t\t\t<p>Hos oss g\u00e5r det strax \u00f6ver 100 elever.<\/p>\n\n\t\t\t\t\t<\/div>\n\t\t\t\t<\/div>\n\t\t\t<\/li>\n\t\t\n\t\t\t\t\t\t\t\t\t\t\t\t\t\t\t\n\t\t\t\n\t\t\t<li data-ajax-id=\"691\" class=\"c-accordion__item \"\n\t\t\tdata-filter=\"vanliga-fragor oktober-2022\"\n\t\t\t>\n\t\t\t\t<h3 class=\"c-accordion__header\">\n\t\t\t\t\t\t\t\t\t\t<button class=\"c-accordion__trigger u-py-sm u-px-fluid-md-xl u-font-title-4\">\n\t\t\t\t\t\t<span>Vilken \u00e4r den n\u00e4rmaste h\u00e5llplatsen till skolan?<\/span>\n\t\t\t\t\t\t<svg class=\"ams-icon ams-icon__arrow-down\" width=\"24\" height=\"24\" viewbox=\"0 0 24 24\" fill=\"currentColor\" aria-hidden=\"true\" xmlns=\"http:\/\/www.w3.org\/2000\/svg\">\n\t\t\t\t\t\t\t\t\t\t\t\t\t<path d=\"m11.2033 18.4294-10.872894-10.67584c-.440539-.42594-.440539-1.1147 0-1.54065l.665495-.64345c.440539-.42595 1.152899-.42595 1.593439 0l9.41066 9.27114 9.4107-9.26207c.4405-.42595 1.1529-.42595 1.5934 0l.6655.64345c.4405.42594.4405 1.1147 0 1.54065l-10.8729 10.67587c-.4405.4168-1.1529.4168-1.5934-.0091z\"\/>\n\t\t\t\t\t\n\t\t\t\t\t\t<\/svg>\n\t\t\t\t\t<\/button>\n\t\t\t\t<\/h3>\n\t\t\t\t<div class=\"c-accordion__body l-stack u-font-body\">\n\t\t\t\t\t<div class=\"c-accordion__body__inner u-p-fluid-md-xl l-stack\">\n\t\t\t\t\t\t<p>N\u00e4rmaste h\u00e5llplats \u00e4r Behrn Arena.<\/p>\n\n\t\t\t\t\t<\/div>\n\t\t\t\t<\/div>\n\t\t\t<\/li>\n\t\t\n\t\t\t\t\t\t\t\t\t\t\t\t\t\t\t\n\t\t\t\n\t\t\t<li data-ajax-id=\"690\" class=\"c-accordion__item \"\n\t\t\tdata-filter=\"vanliga-fragor oktober-2022\"\n\t\t\t>\n\t\t\t\t<h3 class=\"c-accordion__header\">\n\t\t\t\t\t\t\t\t\t\t<button class=\"c-accordion__trigger u-py-sm u-px-fluid-md-xl u-font-title-4\">\n\t\t\t\t\t\t<span>Var idrottar ni?<\/span>\n\t\t\t\t\t\t<svg class=\"ams-icon ams-icon__arrow-down\" width=\"24\" height=\"24\" viewbox=\"0 0 24 24\" fill=\"currentColor\" aria-hidden=\"true\" xmlns=\"http:\/\/www.w3.org\/2000\/svg\">\n\t\t\t\t\t\t\t\t\t\t\t\t\t<path d=\"m11.2033 18.4294-10.872894-10.67584c-.440539-.42594-.440539-1.1147 0-1.54065l.665495-.64345c.440539-.42595 1.152899-.42595 1.593439 0l9.41066 9.27114 9.4107-9.26207c.4405-.42595 1.1529-.42595 1.5934 0l.6655.64345c.4405.42594.4405 1.1147 0 1.54065l-10.8729 10.67587c-.4405.4168-1.1529.4168-1.5934-.0091z\"\/>\n\t\t\t\t\t\n\t\t\t\t\t\t<\/svg>\n\t\t\t\t\t<\/button>\n\t\t\t\t<\/h3>\n\t\t\t\t<div class=\"c-accordion__body l-stack u-font-body\">\n\t\t\t\t\t<div class=\"c-accordion__body__inner u-p-fluid-md-xl l-stack\">\n\t\t\t\t\t\t<p>Vi hyr in oss i idrottslokaler f\u00f6r olika \u00e4ndam\u00e5l i v\u00e5rt n\u00e4romr\u00e5de.<\/p>\n\n\t\t\t\t\t<\/div>\n\t\t\t\t<\/div>\n\t\t\t<\/li>\n\t\t\n\t\t\t\t\t\t\t\t\t\t\t\t\t\t\t\n\t\t\t\n\t\t\t<li data-ajax-id=\"689\" class=\"c-accordion__item \"\n\t\t\tdata-filter=\"vanliga-fragor oktober-2022\"\n\t\t\t>\n\t\t\t\t<h3 class=\"c-accordion__header\">\n\t\t\t\t\t\t\t\t\t\t<button class=\"c-accordion__trigger u-py-sm u-px-fluid-md-xl u-font-title-4\">\n\t\t\t\t\t\t<span>Har ni matsal p\u00e5 skolan?<\/span>\n\t\t\t\t\t\t<svg class=\"ams-icon ams-icon__arrow-down\" width=\"24\" height=\"24\" viewbox=\"0 0 24 24\" fill=\"currentColor\" aria-hidden=\"true\" xmlns=\"http:\/\/www.w3.org\/2000\/svg\">\n\t\t\t\t\t\t\t\t\t\t\t\t\t<path d=\"m11.2033 18.4294-10.872894-10.67584c-.440539-.42594-.440539-1.1147 0-1.54065l.665495-.64345c.440539-.42595 1.152899-.42595 1.593439 0l9.41066 9.27114 9.4107-9.26207c.4405-.42595 1.1529-.42595 1.5934 0l.6655.64345c.4405.42594.4405 1.1147 0 1.54065l-10.8729 10.67587c-.4405.4168-1.1529.4168-1.5934-.0091z\"\/>\n\t\t\t\t\t\n\t\t\t\t\t\t<\/svg>\n\t\t\t\t\t<\/button>\n\t\t\t\t<\/h3>\n\t\t\t\t<div class=\"c-accordion__body l-stack u-font-body\">\n\t\t\t\t\t<div class=\"c-accordion__body__inner u-p-fluid-md-xl l-stack\">\n\t\t\t\t\t\t<p>Vi har en matsal p\u00e5 f\u00f6rsta v\u00e5ningen som delas med LBS Kreativa Gymnasiet. B\u00e5de elever och personal \u00e4r v\u00e4ldigt n\u00f6jda med skolmaten! Den levereras till skolan av Sodexo som har flera restauranger p\u00e5 \u00d6rebro Universitet.<\/p>\n\n\t\t\t\t\t<\/div>\n\t\t\t\t<\/div>\n\t\t\t<\/li>\n\t\t\n\t\t\t\t\t\t\t\t\t\t\t\t\t\t\t\n\t\t\t\n\t\t\t<li data-ajax-id=\"696\" class=\"c-accordion__item \"\n\t\t\tdata-filter=\"vanliga-fragor oktober-2022\"\n\t\t\t>\n\t\t\t\t<h3 class=\"c-accordion__header\">\n\t\t\t\t\t\t\t\t\t\t<button class=\"c-accordion__trigger u-py-sm u-px-fluid-md-xl u-font-title-4\">\n\t\t\t\t\t\t<span>F\u00e5r man h\u00f6gskolebeh\u00f6righet p\u00e5 Rytmus?<\/span>\n\t\t\t\t\t\t<svg class=\"ams-icon ams-icon__arrow-down\" width=\"24\" height=\"24\" viewbox=\"0 0 24 24\" fill=\"currentColor\" aria-hidden=\"true\" xmlns=\"http:\/\/www.w3.org\/2000\/svg\">\n\t\t\t\t\t\t\t\t\t\t\t\t\t<path d=\"m11.2033 18.4294-10.872894-10.67584c-.440539-.42594-.440539-1.1147 0-1.54065l.665495-.64345c.440539-.42595 1.152899-.42595 1.593439 0l9.41066 9.27114 9.4107-9.26207c.4405-.42595 1.1529-.42595 1.5934 0l.6655.64345c.4405.42594.4405 1.1147 0 1.54065l-10.8729 10.67587c-.4405.4168-1.1529.4168-1.5934-.0091z\"\/>\n\t\t\t\t\t\n\t\t\t\t\t\t<\/svg>\n\t\t\t\t\t<\/button>\n\t\t\t\t<\/h3>\n\t\t\t\t<div class=\"c-accordion__body l-stack u-font-body\">\n\t\t\t\t\t<div class=\"c-accordion__body__inner u-p-fluid-md-xl l-stack\">\n\t\t\t\t\t\t<p>Ja, alla v\u00e5ra utbildningar ger grundl\u00e4ggande h\u00f6gskolebeh\u00f6righet och m\u00f6jligheten att studera vidare p\u00e5 universitet och h\u00f6gskola efter studenten. Under gymnasietiden ges \u00e4ven minst tv\u00e5 individuella val d\u00e4r man kan bredda sin beh\u00f6righet genom att exempelvis l\u00e4gga till en \u00e4mnesniv\u00e5 i matematik eller engelska. Man kan ocks\u00e5 v\u00e4lja till fler musikkurser som individuellt val.<\/p>\n\n\t\t\t\t\t<\/div>\n\t\t\t\t<\/div>\n\t\t\t<\/li>\n\t\t\n\t\t\t\t\t\t\t\t\t\t\t\t\t\t\t\n\t\t\t\n\t\t\t<li data-ajax-id=\"108\" class=\"c-accordion__item \"\n\t\t\tdata-filter=\"skolstart juli-2022\"\n\t\t\t>\n\t\t\t\t<h3 class=\"c-accordion__header\">\n\t\t\t\t\t\t\t\t\t\t<button class=\"c-accordion__trigger u-py-sm u-px-fluid-md-xl u-font-title-4\">\n\t\t\t\t\t\t<span>Hur m\u00e5nga timmar musik har man i veckan?<\/span>\n\t\t\t\t\t\t<svg class=\"ams-icon ams-icon__arrow-down\" width=\"24\" height=\"24\" viewbox=\"0 0 24 24\" fill=\"currentColor\" aria-hidden=\"true\" xmlns=\"http:\/\/www.w3.org\/2000\/svg\">\n\t\t\t\t\t\t\t\t\t\t\t\t\t<path d=\"m11.2033 18.4294-10.872894-10.67584c-.440539-.42594-.440539-1.1147 0-1.54065l.665495-.64345c.440539-.42595 1.152899-.42595 1.593439 0l9.41066 9.27114 9.4107-9.26207c.4405-.42595 1.1529-.42595 1.5934 0l.6655.64345c.4405.42594.4405 1.1147 0 1.54065l-10.8729 10.67587c-.4405.4168-1.1529.4168-1.5934-.0091z\"\/>\n\t\t\t\t\t\n\t\t\t\t\t\t<\/svg>\n\t\t\t\t\t<\/button>\n\t\t\t\t<\/h3>\n\t\t\t\t<div class=\"c-accordion__body l-stack u-font-body\">\n\t\t\t\t\t<div class=\"c-accordion__body__inner u-p-fluid-md-xl l-stack\">\n\t\t\t\t\t\t<p>Ungef\u00e4r h\u00e4lften av alla lektioner \u00e4r musik\u00e4mnen.<\/p>\n\n\t\t\t\t\t<\/div>\n\t\t\t\t<\/div>\n\t\t\t<\/li>\n\t\t\t<\/ul>\n\n\t<div class=\"no-results u-mt-0 u-hide\" data-filter-fallback-id=\"ams-faq-list-69f5c1fdd163e\">\n\t<p>Det finns inga resultat som matchar din filtrering.<\/p>\n<\/div>\n\n\t    <div class=\"ams-faq__more u-inline-items js-load-more-btn\">\n        <button href=\"#\"\n                class=\"c-btn\"\n                data-style=\"square\"\n                data-size=\"md\"\n                data-width=\"full-mobile\"\n                data-variant=\"outline\">\n        \tVisa fler vanliga fr\u00e5gor\n        <\/button>\n    <\/div>\n\n\n\t\t\n\t\t\t<\/div>\n\n\t\t\n\n<\/section>\n\n\n\n\t<div class=\"module_wrapper ams_remote_pages_module \">\n\t\t\n\n<section  class=\"ams-cta ams-cta--stacked c-block l-stacked\" data-color-scheme=\"white\">\n\t<div class=\"l-container l-stack l-stack-fluid-2xl u-pt-fluid-2xl-4xl u-pb-fluid-2xl-4xl is-center is-center@md\">\n\t\t\t\t\t<div class=\"ams-cta__intro l-stack l-stack-lg\">\n\t\t\t\t\t\n\t<h2\n\tclass=\"c-heading u-font-title-1 \"\n\tstyle=\"\">\n\t\t\n\t\t\t\t\tBes\u00f6k oss\n\t\t\t\t\n\t<\/h2>\n\n\t\t\t\t\t\t\t\t\t<div class=\"c-text l-stack u-cs-xl u-font-body\">\n\t\t\t\t\t\t<p>\u00c4r du nyfiken p\u00e5 Rytmus? Bes\u00f6k oss p\u00e5 \u00d6ppet hus eller p\u00e5 en Prova p\u00e5-dag s\u00e5 f\u00e5r du se v\u00e5ra lokaler, l\u00e4ra dig mer om v\u00e5r skola och k\u00e4nna p\u00e5 Rytmusandan.<\/p>\n\n\t\t\t\t\t<\/div>\n\t\t\t\t\t\t\t<\/div>\n\t\t\n\t\t\n\t\t\t<div class=\"ams-cta__action u-inline-items\">\n\t\t\t\t\t\t\t\n\n\n<a href=\"https:\/\/rytmus.se\/orebro\/oppet-hus\/\"\n\t\n\tclass=\"c-btn \"\n\tdata-style=\"square\"\n\tdata-size=\"md\"\n\tdata-width=\"full-mobile\"\n\tdata-variant=\"default\"\n\ttarget=\"_self\">\n\t\t\t<span class=\"label\"> Kom p\u00e5 \u00d6ppet hus<\/span>\n\t\t\t<\/a>\n\t\t\t\t\t\t\t\n\n\n<a href=\"https:\/\/rytmus.se\/orebro\/prova-pa-dag\/\"\n\t\n\tclass=\"c-btn \"\n\tdata-style=\"square\"\n\tdata-size=\"md\"\n\tdata-width=\"full-mobile\"\n\tdata-variant=\"outline\"\n\ttarget=\"_self\">\n\t\t\t<span class=\"label\"> Boka Prova p\u00e5-dag<\/span>\n\t\t\t<\/a>\n\t\t\t<\/div>\n\t<\/div>\n\n\t\t\n\n<\/section>\n\t<\/div>\n\n\t","protected":false},"excerpt":{"rendered":"<p>Upptr\u00e4d live P\u00e5 Rytmus tycker vi att alla ska f\u00e5 st\u00e5 p\u00e5 scenen och utvecklas. D\u00e4rf\u00f6r f\u00e5r du som elev delta p\u00e5 konserter och i st\u00f6rre projekt som en del av din utbildning. P\u00e5 s\u00e5 s\u00e4tt f\u00e5r du b\u00e5de \u00f6va p\u00e5 din scenvana och l\u00e4ra dig hur konserter arrangeras. Rytmusandan P\u00e5 Rytmus \u00d6rebro l\u00e4r du&#8230;<\/p>\n","protected":false},"author":1,"featured_media":0,"parent":0,"menu_order":0,"comment_status":"closed","ping_status":"closed","template":"","meta":{"footnotes":""},"yoast_head":"<!-- This site is optimized with the Yoast SEO plugin v22.0 - https:\/\/yoast.com\/wordpress\/plugins\/seo\/ -->\n<title>Om Rytmus musikgymnasium i \u00d6rebro | Rytmus<\/title>\n<meta name=\"description\" content=\"Rytmus musikgymnasium i \u00d6rebro erbjuder unika m\u00f6jligheter f\u00f6r dig som elev p\u00e5 estetiska programmet. Hos oss syns och respekteras\u00a0du.\" \/>\n<meta name=\"robots\" content=\"index, follow, max-snippet:-1, max-image-preview:large, max-video-preview:-1\" \/>\n<link rel=\"canonical\" href=\"https:\/\/rytmus.se\/orebro\/om-rytmus-orebro\/\" \/>\n<meta property=\"og:locale\" content=\"sv_SE\" \/>\n<meta property=\"og:type\" content=\"article\" \/>\n<meta property=\"og:title\" content=\"Om Rytmus musikgymnasium i \u00d6rebro | Rytmus\" \/>\n<meta property=\"og:description\" content=\"Rytmus musikgymnasium i \u00d6rebro erbjuder unika m\u00f6jligheter f\u00f6r dig som elev p\u00e5 estetiska programmet. Hos oss syns och respekteras\u00a0du.\" \/>\n<meta property=\"og:url\" content=\"https:\/\/rytmus.se\/orebro\/om-rytmus-orebro\/\" \/>\n<meta property=\"og:site_name\" content=\"\u00d6rebro\" \/>\n<meta property=\"article:modified_time\" content=\"2025-08-26T08:49:36+00:00\" \/>\n<meta name=\"twitter:card\" content=\"summary_large_image\" \/>\n<meta name=\"twitter:title\" content=\"Om Rytmus musikgymnasium i \u00d6rebro | Rytmus\" \/>\n<meta name=\"twitter:description\" content=\"Rytmus musikgymnasium i \u00d6rebro erbjuder unika m\u00f6jligheter f\u00f6r dig som elev p\u00e5 estetiska programmet. Hos oss syns och respekteras\u00a0du.\" \/>\n<meta name=\"twitter:label1\" content=\"Ber\u00e4knad l\u00e4stid\" \/>\n\t<meta name=\"twitter:data1\" content=\"3 minuter\" \/>\n<script type=\"application\/ld+json\" class=\"yoast-schema-graph\">{\"@context\":\"https:\/\/schema.org\",\"@graph\":[{\"@type\":\"WebPage\",\"@id\":\"https:\/\/rytmus.se\/orebro\/om-rytmus-orebro\/\",\"url\":\"https:\/\/rytmus.se\/orebro\/om-rytmus-orebro\/\",\"name\":\"Om Rytmus musikgymnasium i \u00d6rebro | Rytmus\",\"isPartOf\":{\"@id\":\"https:\/\/rytmus.se\/orebro\/#website\"},\"datePublished\":\"2022-07-25T21:06:42+00:00\",\"dateModified\":\"2025-08-26T08:49:36+00:00\",\"description\":\"Rytmus musikgymnasium i \u00d6rebro erbjuder unika m\u00f6jligheter f\u00f6r dig som elev p\u00e5 estetiska programmet. Hos oss syns och respekteras\u00a0du.\",\"breadcrumb\":{\"@id\":\"https:\/\/rytmus.se\/orebro\/om-rytmus-orebro\/#breadcrumb\"},\"inLanguage\":\"sv-SE\",\"potentialAction\":[{\"@type\":\"ReadAction\",\"target\":[\"https:\/\/rytmus.se\/orebro\/om-rytmus-orebro\/\"]}]},{\"@type\":\"BreadcrumbList\",\"@id\":\"https:\/\/rytmus.se\/orebro\/om-rytmus-orebro\/#breadcrumb\",\"itemListElement\":[{\"@type\":\"ListItem\",\"position\":1,\"name\":\"Start\",\"item\":\"https:\/\/rytmus.se\/orebro\/\"},{\"@type\":\"ListItem\",\"position\":2,\"name\":\"Om Rytmus \u00d6rebro\"}]},{\"@type\":\"WebSite\",\"@id\":\"https:\/\/rytmus.se\/orebro\/#website\",\"url\":\"https:\/\/rytmus.se\/orebro\/\",\"name\":\"\u00d6rebro\",\"description\":\"MAKE | MUSIC | LIVE\",\"potentialAction\":[{\"@type\":\"SearchAction\",\"target\":{\"@type\":\"EntryPoint\",\"urlTemplate\":\"https:\/\/rytmus.se\/orebro\/?s={search_term_string}\"},\"query-input\":\"required name=search_term_string\"}],\"inLanguage\":\"sv-SE\"}]}<\/script>\n<!-- \/ Yoast SEO plugin. -->","yoast_head_json":{"title":"Om Rytmus musikgymnasium i \u00d6rebro | Rytmus","description":"Rytmus musikgymnasium i \u00d6rebro erbjuder unika m\u00f6jligheter f\u00f6r dig som elev p\u00e5 estetiska programmet. Hos oss syns och respekteras\u00a0du.","robots":{"index":"index","follow":"follow","max-snippet":"max-snippet:-1","max-image-preview":"max-image-preview:large","max-video-preview":"max-video-preview:-1"},"canonical":"https:\/\/rytmus.se\/orebro\/om-rytmus-orebro\/","og_locale":"sv_SE","og_type":"article","og_title":"Om Rytmus musikgymnasium i \u00d6rebro | Rytmus","og_description":"Rytmus musikgymnasium i \u00d6rebro erbjuder unika m\u00f6jligheter f\u00f6r dig som elev p\u00e5 estetiska programmet. Hos oss syns och respekteras\u00a0du.","og_url":"https:\/\/rytmus.se\/orebro\/om-rytmus-orebro\/","og_site_name":"\u00d6rebro","article_modified_time":"2025-08-26T08:49:36+00:00","twitter_card":"summary_large_image","twitter_title":"Om Rytmus musikgymnasium i \u00d6rebro | Rytmus","twitter_description":"Rytmus musikgymnasium i \u00d6rebro erbjuder unika m\u00f6jligheter f\u00f6r dig som elev p\u00e5 estetiska programmet. Hos oss syns och respekteras\u00a0du.","twitter_misc":{"Ber\u00e4knad l\u00e4stid":"3 minuter"},"schema":{"@context":"https:\/\/schema.org","@graph":[{"@type":"WebPage","@id":"https:\/\/rytmus.se\/orebro\/om-rytmus-orebro\/","url":"https:\/\/rytmus.se\/orebro\/om-rytmus-orebro\/","name":"Om Rytmus musikgymnasium i \u00d6rebro | Rytmus","isPartOf":{"@id":"https:\/\/rytmus.se\/orebro\/#website"},"datePublished":"2022-07-25T21:06:42+00:00","dateModified":"2025-08-26T08:49:36+00:00","description":"Rytmus musikgymnasium i \u00d6rebro erbjuder unika m\u00f6jligheter f\u00f6r dig som elev p\u00e5 estetiska programmet. Hos oss syns och respekteras\u00a0du.","breadcrumb":{"@id":"https:\/\/rytmus.se\/orebro\/om-rytmus-orebro\/#breadcrumb"},"inLanguage":"sv-SE","potentialAction":[{"@type":"ReadAction","target":["https:\/\/rytmus.se\/orebro\/om-rytmus-orebro\/"]}]},{"@type":"BreadcrumbList","@id":"https:\/\/rytmus.se\/orebro\/om-rytmus-orebro\/#breadcrumb","itemListElement":[{"@type":"ListItem","position":1,"name":"Start","item":"https:\/\/rytmus.se\/orebro\/"},{"@type":"ListItem","position":2,"name":"Om Rytmus \u00d6rebro"}]},{"@type":"WebSite","@id":"https:\/\/rytmus.se\/orebro\/#website","url":"https:\/\/rytmus.se\/orebro\/","name":"\u00d6rebro","description":"MAKE | MUSIC | LIVE","potentialAction":[{"@type":"SearchAction","target":{"@type":"EntryPoint","urlTemplate":"https:\/\/rytmus.se\/orebro\/?s={search_term_string}"},"query-input":"required name=search_term_string"}],"inLanguage":"sv-SE"}]}},"_links":{"self":[{"href":"https:\/\/rytmus.se\/orebro\/wp-json\/wp\/v2\/pages\/19"}],"collection":[{"href":"https:\/\/rytmus.se\/orebro\/wp-json\/wp\/v2\/pages"}],"about":[{"href":"https:\/\/rytmus.se\/orebro\/wp-json\/wp\/v2\/types\/page"}],"author":[{"embeddable":true,"href":"https:\/\/rytmus.se\/orebro\/wp-json\/wp\/v2\/users\/1"}],"replies":[{"embeddable":true,"href":"https:\/\/rytmus.se\/orebro\/wp-json\/wp\/v2\/comments?post=19"}],"version-history":[{"count":10,"href":"https:\/\/rytmus.se\/orebro\/wp-json\/wp\/v2\/pages\/19\/revisions"}],"predecessor-version":[{"id":2048,"href":"https:\/\/rytmus.se\/orebro\/wp-json\/wp\/v2\/pages\/19\/revisions\/2048"}],"wp:attachment":[{"href":"https:\/\/rytmus.se\/orebro\/wp-json\/wp\/v2\/media?parent=19"}],"curies":[{"name":"wp","href":"https:\/\/api.w.org\/{rel}","templated":true}]}}