{"id":2148,"date":"2024-03-21T10:27:28","date_gmt":"2024-03-21T09:27:28","guid":{"rendered":"https:\/\/rytmus.se\/malmo\/?page_id=2148"},"modified":"2026-02-12T10:02:11","modified_gmt":"2026-02-12T09:02:11","slug":"rytmus-daycamp","status":"publish","type":"page","link":"https:\/\/rytmus.se\/malmo\/rytmus-daycamp\/","title":{"rendered":"Rytmus Daycamp"},"content":{"rendered":"\n\t\n\t\n\t\n\n\t\n\t\n\t\t\n<section  class=\"c-block l-stacked  \" data-color-scheme=\"gra-mork\">\n\t<div class=\"ams-fifty ams-fifty--container ams-fifty--right ams-fifty--bottom l-container u-pt-fluid-3xl-6xl u-pb-fluid-3xl-6xl\">\n\t\t<div class=\"ams-fifty__content l-stack l-stack-xl is-left is-left@lg\">\n\t\t\t<div class=\"ams-fifty__text l-stack l-stack-lg\">\n\t\t\t\t\t\n\t<h1\n\tclass=\"c-heading u-font-huge \"\n\tstyle=\"\">\n\t\t\n\t\t\t\t\tRytmus Daycamp 2026\n\t\t\t\t\n\t<\/h1>\n\n\t\t\t\t\t\t\t\t\t<div class=\"text l-stack u-font-body\">\n\t\t\t\t\t\t<p><strong>Den 6 februari 2026 hade vi Rytmus DayCamp<\/strong><\/p>\n<p><em>Rytmus Daycamp \u00e4r en heldag f\u00f6r dig som \u00e4r intresserad av Rytmus Malm\u00f6!<\/em><br \/>\n<em>Tr\u00e4ffa nya v\u00e4nner att spela och skapa musik tillsammans med, kanske blir det dina framtida l\u00e4rare och klasskamrater.<\/em><\/p>\n<p>I nul\u00e4get finns inga planer p\u00e5 fler DayCamp denna termin<\/p>\n\n\t\t\t\t\t<\/div>\n\t\t\t\t\t\t\t<\/div>\n\n\t\t\t\t<div class=\"ams-fifty__action u-inline-items\">\n\t\t\t\t\t\t\t\n\n\n<a href=\"\"\n\t\n\tclass=\"c-btn \"\n\tdata-style=\"square\"\n\tdata-size=\"md\"\n\tdata-width=\"full-mobile\"\n\tdata-variant=\"default\"\n\ttarget=\"_self\">\n\t\t\t<span class=\"label\"> <\/span>\n\t\t\t<\/a>\n\t\t\t<\/div>\n\t\t<\/div>\n\n\t\t <div class=\"ams-fifty__media u-ratio-landscape\">\n\t\t \t\t\t\t\t<img decoding=\"async\" width=\"600\" height=\"600\" src=\"https:\/\/rytmus.se\/wp-content\/uploads\/sites\/7\/2024\/03\/rytwebbbild1x1insa0000rytinstrument-sang0081-600x600.jpg\" class=\"attachment-md size-md\" alt=\"Tv\u00e5 elever sjunger i band.\" sizes=\"(min-width: 64em) 600px, calc(100vw - 160px)\" srcset=\"https:\/\/rytmus.se\/wp-content\/uploads\/sites\/7\/2024\/03\/rytwebbbild1x1insa0000rytinstrument-sang0081-600x600.jpg 600w, https:\/\/rytmus.se\/wp-content\/uploads\/sites\/7\/2024\/03\/rytwebbbild1x1insa0000rytinstrument-sang0081-150x150.jpg 150w, https:\/\/rytmus.se\/wp-content\/uploads\/sites\/7\/2024\/03\/rytwebbbild1x1insa0000rytinstrument-sang0081-300x300.jpg 300w, https:\/\/rytmus.se\/wp-content\/uploads\/sites\/7\/2024\/03\/rytwebbbild1x1insa0000rytinstrument-sang0081-400x400.jpg 400w, https:\/\/rytmus.se\/wp-content\/uploads\/sites\/7\/2024\/03\/rytwebbbild1x1insa0000rytinstrument-sang0081-800x800.jpg 800w, https:\/\/rytmus.se\/wp-content\/uploads\/sites\/7\/2024\/03\/rytwebbbild1x1insa0000rytinstrument-sang0081-1024x1024.jpg 1024w, https:\/\/rytmus.se\/wp-content\/uploads\/sites\/7\/2024\/03\/rytwebbbild1x1insa0000rytinstrument-sang0081.jpg 1080w\" \/>\n\t\t\t\n\t\t\t\n\t\t\t\t\t<\/div>\n\t<\/div>\n\n\t\t\n\n<\/section>\n\n\n\n<div class=\"wp-block-group is-style-narrow is-content-justification-left is-layout-constrained wp-container-core-group-layout-1 wp-block-group-is-layout-constrained\">\n<h2 class=\"wp-block-heading\">Om dagen<\/h2>\n\n\n\n<p><strong>Rytmus Daycamp<\/strong> \u00e4r mer \u00e4n en skuggdag &#8211; h\u00e4r f\u00e5r du verkligen prova p\u00e5 att vara elev hos oss, tillsammans med v\u00e5ra musikl\u00e4rare och kanske n\u00e5gra av dina framtida klasskamrater!<\/p>\n\n\n\n<p>Du v\u00e4ljer en av v\u00e5ra inriktiningar, och spelar eller skapar sedan musik en heldag h\u00e4r hos oss!<\/p>\n\n\n\n<p><strong>Musiker\/Artist eller Musik\/Samh\u00e4lle:<br><\/strong>Denna inriktning v\u00e4ljer du som vill spela tillsammans med andra. Du f\u00e5r en instrumentlektion p\u00e5 det instrument du v\u00e4ljer och l\u00e4r dig d\u00e4r en l\u00e5t som ni sedan arbetar vidare med under dagen i en ensemble.<\/p>\n\n\n\n<p><strong>L\u00e5tskrivare\/Artist:<\/strong><br>Denna inriktning v\u00e4ljer du som vill skriva musik. Du kommer under dagen att skriva en l\u00e5t tillsammans med de andra l\u00e5tskrivarna som vi sedan spelar in i v\u00e5r studio.<\/p>\n\n\n\n<p><strong>Musikproducent:<\/strong><br>Denna inriktning v\u00e4ljer du som vill skapa musik i v\u00e5r studio. Du kommer att arbeta i Logic tillsammans med de andra musikproducenterna d\u00e4r du g\u00f6r musiken till den l\u00e5t som l\u00e5tskrivarna skriver, och spela in och mixa.<\/p>\n\n\n\n<h2 class=\"wp-block-heading\">Anm\u00e4lan<\/h2>\n\n\n\n<p>Anm\u00e4lningstiden har passaerat och vi ser fram emot n\u00e4sta DayCamp.<\/p>\n<\/div>\n\n\n\n\n\n<section  class=\"ams-faq ams_event_module c-block l-stacked js-load-more\" data-color-scheme=\"bakgrund-hover-standard\" data-count=\"10\" data-count-mobile=\"10\">\n\t<div class=\"l-container l-stack l-stack-fluid-2xl u-pt-fluid-Ingen u-pb-fluid-3xl-6xl is-center is-center@md\">\n\t\t\t\t\t<div class=\"ams-faq__intro l-stack l-stack-lg\">\n\t\t\t\t\t\n\t<h2\n\tclass=\"c-heading u-font-title-1 \"\n\tstyle=\"\">\n\t\t\n\t\t\t\t\tVanliga fr\u00e5gor\n\t\t\t\t\n\t<\/h2>\n\n\t\t\t\t\t\t\t<\/div>\n\t\t\n\t\t\n\t\n\t    \n\t\n\t<ul\n\t\tid=\"ams-faq-list-69f482ae1320d\"\n\t\tclass=\"ams-faq__ac ams-accordion_module c-accordion js-results \"\n\t\taria-label=\"Vanliga fr\u00e5gor\"\n\t\tdata-variant=\"border-between\"\n\t\tdata-ajax-action=\"log_faq_view\"\n\t\tdata-ajax-url=\"https:\/\/rytmus.se\/malmo\/wp-admin\/admin-ajax.php\"\n\t\tdata-ajax-nonce=\"7a8c2f43ea\"\n\t\tdata-filter-animation=\"off\">\n\n\t\t\n\t\t\t\t\t\t\t\t\t\t\t\t\t\t\t\n\t\t\t\n\t\t\t<li data-ajax-id=\"2153\" class=\"c-accordion__item \"\n\t\t\tdata-filter=\"rytmus-daycamp mars-2024\"\n\t\t\t>\n\t\t\t\t<h3 class=\"c-accordion__header\">\n\t\t\t\t\t\t\t\t\t\t<button class=\"c-accordion__trigger u-py-sm u-px-fluid-md-xl u-font-title-4\">\n\t\t\t\t\t\t<span>F\u00e5r jag ta med en kompis som inte \u00e4r s\u00e4ker p\u00e5 om den ska s\u00f6ka?<\/span>\n\t\t\t\t\t\t<svg class=\"ams-icon ams-icon__arrow-down\" width=\"24\" height=\"24\" viewbox=\"0 0 24 24\" fill=\"currentColor\" aria-hidden=\"true\" xmlns=\"http:\/\/www.w3.org\/2000\/svg\">\n\t\t\t\t\t\t\t\t\t\t\t\t\t<path d=\"m11.2033 18.4294-10.872894-10.67584c-.440539-.42594-.440539-1.1147 0-1.54065l.665495-.64345c.440539-.42595 1.152899-.42595 1.593439 0l9.41066 9.27114 9.4107-9.26207c.4405-.42595 1.1529-.42595 1.5934 0l.6655.64345c.4405.42594.4405 1.1147 0 1.54065l-10.8729 10.67587c-.4405.4168-1.1529.4168-1.5934-.0091z\"\/>\n\t\t\t\t\t\n\t\t\t\t\t\t<\/svg>\n\t\t\t\t\t<\/button>\n\t\t\t\t<\/h3>\n\t\t\t\t<div class=\"c-accordion__body l-stack u-font-body\">\n\t\t\t\t\t<div class=\"c-accordion__body__inner u-p-fluid-md-xl l-stack\">\n\t\t\t\t\t\t<p>Sj\u00e4lvklart! T\u00e4nk bara p\u00e5 att alla som ska vara med p\u00e5 Daycamp \u00e4r med och spelar\/skapar musik!<\/p>\n\n\t\t\t\t\t<\/div>\n\t\t\t\t<\/div>\n\t\t\t<\/li>\n\t\t\n\t\t\t\t\t\t\t\t\t\t\t\t\t\t\t\n\t\t\t\n\t\t\t<li data-ajax-id=\"2152\" class=\"c-accordion__item \"\n\t\t\tdata-filter=\"rytmus-daycamp mars-2024\"\n\t\t\t>\n\t\t\t\t<h3 class=\"c-accordion__header\">\n\t\t\t\t\t\t\t\t\t\t<button class=\"c-accordion__trigger u-py-sm u-px-fluid-md-xl u-font-title-4\">\n\t\t\t\t\t\t<span>Beh\u00f6ver jag ta med mig lunch?<\/span>\n\t\t\t\t\t\t<svg class=\"ams-icon ams-icon__arrow-down\" width=\"24\" height=\"24\" viewbox=\"0 0 24 24\" fill=\"currentColor\" aria-hidden=\"true\" xmlns=\"http:\/\/www.w3.org\/2000\/svg\">\n\t\t\t\t\t\t\t\t\t\t\t\t\t<path d=\"m11.2033 18.4294-10.872894-10.67584c-.440539-.42594-.440539-1.1147 0-1.54065l.665495-.64345c.440539-.42595 1.152899-.42595 1.593439 0l9.41066 9.27114 9.4107-9.26207c.4405-.42595 1.1529-.42595 1.5934 0l.6655.64345c.4405.42594.4405 1.1147 0 1.54065l-10.8729 10.67587c-.4405.4168-1.1529.4168-1.5934-.0091z\"\/>\n\t\t\t\t\t\n\t\t\t\t\t\t<\/svg>\n\t\t\t\t\t<\/button>\n\t\t\t\t<\/h3>\n\t\t\t\t<div class=\"c-accordion__body l-stack u-font-body\">\n\t\t\t\t\t<div class=\"c-accordion__body__inner u-p-fluid-md-xl l-stack\">\n\t\t\t\t\t\t<p>Nej, vi bjuder p\u00e5 mat under dagen du \u00e4r h\u00e4r.<\/p>\n\n\t\t\t\t\t<\/div>\n\t\t\t\t<\/div>\n\t\t\t<\/li>\n\t\t\n\t\t\t\t\t\t\t\t\t\t\t\t\t\t\t\n\t\t\t\n\t\t\t<li data-ajax-id=\"2151\" class=\"c-accordion__item \"\n\t\t\tdata-filter=\"rytmus-daycamp mars-2024\"\n\t\t\t>\n\t\t\t\t<h3 class=\"c-accordion__header\">\n\t\t\t\t\t\t\t\t\t\t<button class=\"c-accordion__trigger u-py-sm u-px-fluid-md-xl u-font-title-4\">\n\t\t\t\t\t\t<span>\u00c4r jag v\u00e4lkommen \u00e4ven om jag g\u00e5r i \u00e5rskurs 8?<\/span>\n\t\t\t\t\t\t<svg class=\"ams-icon ams-icon__arrow-down\" width=\"24\" height=\"24\" viewbox=\"0 0 24 24\" fill=\"currentColor\" aria-hidden=\"true\" xmlns=\"http:\/\/www.w3.org\/2000\/svg\">\n\t\t\t\t\t\t\t\t\t\t\t\t\t<path d=\"m11.2033 18.4294-10.872894-10.67584c-.440539-.42594-.440539-1.1147 0-1.54065l.665495-.64345c.440539-.42595 1.152899-.42595 1.593439 0l9.41066 9.27114 9.4107-9.26207c.4405-.42595 1.1529-.42595 1.5934 0l.6655.64345c.4405.42594.4405 1.1147 0 1.54065l-10.8729 10.67587c-.4405.4168-1.1529.4168-1.5934-.0091z\"\/>\n\t\t\t\t\t\n\t\t\t\t\t\t<\/svg>\n\t\t\t\t\t<\/button>\n\t\t\t\t<\/h3>\n\t\t\t\t<div class=\"c-accordion__body l-stack u-font-body\">\n\t\t\t\t\t<div class=\"c-accordion__body__inner u-p-fluid-md-xl l-stack\">\n\t\t\t\t\t\t<p>Absolut!<\/p>\n\n\t\t\t\t\t<\/div>\n\t\t\t\t<\/div>\n\t\t\t<\/li>\n\t\t\n\t\t\t\t\t\t\t\t\t\t\t\t\t\t\t\n\t\t\t\n\t\t\t<li data-ajax-id=\"2150\" class=\"c-accordion__item \"\n\t\t\tdata-filter=\"rytmus-daycamp mars-2024\"\n\t\t\t>\n\t\t\t\t<h3 class=\"c-accordion__header\">\n\t\t\t\t\t\t\t\t\t\t<button class=\"c-accordion__trigger u-py-sm u-px-fluid-md-xl u-font-title-4\">\n\t\t\t\t\t\t<span>Beh\u00f6ver jag ta med mitt instrument?<\/span>\n\t\t\t\t\t\t<svg class=\"ams-icon ams-icon__arrow-down\" width=\"24\" height=\"24\" viewbox=\"0 0 24 24\" fill=\"currentColor\" aria-hidden=\"true\" xmlns=\"http:\/\/www.w3.org\/2000\/svg\">\n\t\t\t\t\t\t\t\t\t\t\t\t\t<path d=\"m11.2033 18.4294-10.872894-10.67584c-.440539-.42594-.440539-1.1147 0-1.54065l.665495-.64345c.440539-.42595 1.152899-.42595 1.593439 0l9.41066 9.27114 9.4107-9.26207c.4405-.42595 1.1529-.42595 1.5934 0l.6655.64345c.4405.42594.4405 1.1147 0 1.54065l-10.8729 10.67587c-.4405.4168-1.1529.4168-1.5934-.0091z\"\/>\n\t\t\t\t\t\n\t\t\t\t\t\t<\/svg>\n\t\t\t\t\t<\/button>\n\t\t\t\t<\/h3>\n\t\t\t\t<div class=\"c-accordion__body l-stack u-font-body\">\n\t\t\t\t\t<div class=\"c-accordion__body__inner u-p-fluid-md-xl l-stack\">\n\t\t\t\t\t\t<p>Har du ett instrument, s\u00e5 ta g\u00e4rna med det! Om du beh\u00f6ver l\u00e5na &#8211; skriv det h\u00e4rnere n\u00e4r du anm\u00e4ler dig, under &#8221;\u00f6vrigt&#8221;.<\/p>\n\n\t\t\t\t\t<\/div>\n\t\t\t\t<\/div>\n\t\t\t<\/li>\n\t\t\t<\/ul>\n\n\t<div class=\"no-results u-mt-0 u-hide\" data-filter-fallback-id=\"ams-faq-list-69f482ae1320d\">\n\t<p>Det finns inga resultat som matchar din filtrering.<\/p>\n<\/div>\n\n\t    <div class=\"ams-faq__more u-inline-items js-load-more-btn\">\n        <button href=\"#\"\n                class=\"c-btn\"\n                data-style=\"square\"\n                data-size=\"md\"\n                data-width=\"full-mobile\"\n                data-variant=\"outline\">\n        \tVisa fler resultat\n        <\/button>\n    <\/div>\n\n\n\t\t\t<div class=\"ams-faq__outro l-stack l-stack-md\">\n\t\t\n\t\t\t\t\t<div class=\"c-text l-stack u-cs-xl\">\n\t\t\t\t<p><img decoding=\"async\" class=\"alignnone wp-image-2516\" src=\"https:\/\/rytmus.se\/wp-content\/uploads\/sites\/7\/2024\/12\/daycamp-christian-scaled.jpg\" alt=\"\" width=\"300\" height=\"200\" srcset=\"https:\/\/rytmus.se\/wp-content\/uploads\/sites\/7\/2024\/12\/daycamp-christian-scaled.jpg 2560w, https:\/\/rytmus.se\/wp-content\/uploads\/sites\/7\/2024\/12\/daycamp-christian-300x200.jpg 300w, https:\/\/rytmus.se\/wp-content\/uploads\/sites\/7\/2024\/12\/daycamp-christian-400x267.jpg 400w, https:\/\/rytmus.se\/wp-content\/uploads\/sites\/7\/2024\/12\/daycamp-christian-600x400.jpg 600w, https:\/\/rytmus.se\/wp-content\/uploads\/sites\/7\/2024\/12\/daycamp-christian-800x533.jpg 800w, https:\/\/rytmus.se\/wp-content\/uploads\/sites\/7\/2024\/12\/daycamp-christian-1024x683.jpg 1024w, https:\/\/rytmus.se\/wp-content\/uploads\/sites\/7\/2024\/12\/daycamp-christian-1200x800.jpg 1200w\" sizes=\"(max-width: 300px) 100vw, 300px\" \/> <img decoding=\"async\" class=\"alignnone wp-image-2515\" src=\"https:\/\/rytmus.se\/wp-content\/uploads\/sites\/7\/2024\/12\/daycamp-5-scaled.jpg\" alt=\"\" width=\"300\" height=\"200\" srcset=\"https:\/\/rytmus.se\/wp-content\/uploads\/sites\/7\/2024\/12\/daycamp-5-scaled.jpg 2560w, https:\/\/rytmus.se\/wp-content\/uploads\/sites\/7\/2024\/12\/daycamp-5-300x200.jpg 300w, https:\/\/rytmus.se\/wp-content\/uploads\/sites\/7\/2024\/12\/daycamp-5-400x267.jpg 400w, https:\/\/rytmus.se\/wp-content\/uploads\/sites\/7\/2024\/12\/daycamp-5-600x400.jpg 600w, https:\/\/rytmus.se\/wp-content\/uploads\/sites\/7\/2024\/12\/daycamp-5-800x533.jpg 800w, https:\/\/rytmus.se\/wp-content\/uploads\/sites\/7\/2024\/12\/daycamp-5-1024x683.jpg 1024w, https:\/\/rytmus.se\/wp-content\/uploads\/sites\/7\/2024\/12\/daycamp-5-1200x800.jpg 1200w\" sizes=\"(max-width: 300px) 100vw, 300px\" \/> <img decoding=\"async\" class=\"alignnone wp-image-2514\" src=\"https:\/\/rytmus.se\/wp-content\/uploads\/sites\/7\/2024\/12\/daycamp-9-scaled.jpg\" alt=\"\" width=\"300\" height=\"200\" srcset=\"https:\/\/rytmus.se\/wp-content\/uploads\/sites\/7\/2024\/12\/daycamp-9-scaled.jpg 2560w, https:\/\/rytmus.se\/wp-content\/uploads\/sites\/7\/2024\/12\/daycamp-9-300x200.jpg 300w, https:\/\/rytmus.se\/wp-content\/uploads\/sites\/7\/2024\/12\/daycamp-9-400x267.jpg 400w, https:\/\/rytmus.se\/wp-content\/uploads\/sites\/7\/2024\/12\/daycamp-9-600x400.jpg 600w, https:\/\/rytmus.se\/wp-content\/uploads\/sites\/7\/2024\/12\/daycamp-9-800x533.jpg 800w, https:\/\/rytmus.se\/wp-content\/uploads\/sites\/7\/2024\/12\/daycamp-9-1024x683.jpg 1024w, https:\/\/rytmus.se\/wp-content\/uploads\/sites\/7\/2024\/12\/daycamp-9-1200x800.jpg 1200w\" sizes=\"(max-width: 300px) 100vw, 300px\" \/><\/p>\n\n\t\t\t<\/div>\n\t\t\t<\/div>\n\n\t\t\t<div class=\"ams-faq__action u-inline-items\">\n\t\t\t\t\t\t\t\n\n\n<a href=\"https:\/\/forms.gle\/fVJoKi6MjmVMFu767\"\n\t\n\tclass=\"c-btn \"\n\tdata-style=\"square\"\n\tdata-size=\"md\"\n\tdata-width=\"full-mobile\"\n\tdata-variant=\"outline\"\n\ttarget=\"_self\">\n\t\t\t<span class=\"label\"> Anm\u00e4l dig h\u00e4r!<\/span>\n\t\t\t<\/a>\n\t\t\t<\/div>\n\t<\/div>\n\n\t\t\n\n<\/section>\n\n\n\n<section \n\t\t class=\"\n\t\t ams-contact\n\t\t \n\t\t c-block l-stacked\n\t\t \n\t\t \n\t\t js-load-more\n\t\t \"\n\t\t data-color-scheme=\"gra-ljus\"\n\t\t\t\t\tdata-count=\"3\"\n\t\t\t\t\t\t\tdata-count-mobile=\"2\"\n\t\t\t\t>\n\t<div\n\t\t class=\"\n\t\t l-container\n\t\t l-stack l-stack-fluid-2xl\n\t\t u-pt-fluid-3xl-6xl\n\t\t u-pb-fluid-3xl-6xl\n\t\t is-center\n\t\t is-center@md\n\t\t \">\n\t\t\t\t\t<div class=\"ams-contact__intro l-stack l-stack-lg\">\n\t\t\t\t\t\n\t<h2\n\tclass=\"c-heading u-font-title-1 \"\n\tstyle=\"\">\n\t\t\n\t\t\t\t\tHar du fler fr\u00e5gor?\n\t\t\t\t\n\t<\/h2>\n\n\t\t\t\t\t\t\t\t\t<div class=\"c-text l-stack u-cs-xl u-font-body\">\n\t\t\t\t\t\t<p>Har du fr\u00e5gor eller funderingar \u00e4r du v\u00e4lkommen att kontakta mig!<\/p>\n\n\t\t\t\t\t<\/div>\n\t\t\t\t\t\t\t<\/div>\n\t\t\n\t\t\n\t\t    \t\n\t\t\n\t\t<ul\n\t\t\tid=\"contact-grid-69f482ae2d213\"\n\t\t\tclass=\"ams-contact__list l-grid u-gap-fluid-2xl-4xl u-justify-center js-results \"\n\t\t\taria-label=\"Kontakter\"\n\t\t\tdata-filter-animation=\"off\"\n\t\t\t>\n\t\t\t\t\t\t\t\t\t\t\t\n\t\t\t\t\n\t\t\t\t<li class=\"l-col-6@md l-col-4@lg \" data-filter=\"kommunikation-event larare ovrig-personal\">\n\t\t\t\t\t<article class=\"c-card \" data-variant=\"neutral\">\n\t\t\t\t\t\t<div class=\"c-card__content u-text-center\">\n\t\t\t\t\t\t\t\t\t\t\t\t\t\t\t<h3 class=\"c-card__title u-font-title-3\">\n\t\t\t\t\t\t\t\t\tChristian Tellin\n\t\t\t\t\t\t\t\t<\/h3>\n\t\t\t\t\t\t\t\n\t\t\t\t\t\t\t\t\t\t\t\t\t\t\t<p class=\"position u-font-body\">Kommunikation\/Event och Musikl\u00e4rare<\/p>\n\t\t\t\t\t\t\t\n\t\t\t\t\t\t\t\t\t\t\t\t\t\t\t<div class=\"contact-info u-font-body\">\n\t\t\t\t\t\t\t\t\t\t\t\t\t\t\t\t\t\t\t\t\t\t\t\t\t\t\t\t\t\t<p class=\"phone\"><a\n\t\t\t\t\t\t\t\t\t\t\t\t\thref=\"tel:0730712210\"\n\t\t\t\t\t\t\t\t\t\t\t\t\tclass=\"u-text-link\">073-071 22 10<\/a>\n\t\t\t\t\t\t\t\t\t\t\t<\/p>\n\t\t\t\t\t\t\t\t\t\t\t\t\t\t\t\t\t\t\t\n\t\t\t\t\t\t\t\t\t\t\t\t\t\t\t\t\t\t\t\t\t\t\t\t\t\t\t\t\t\t<p class=\"email\"><a\n\t\t\t\t\t\t\t\t\t\t\t\t\thref=\"&#109;&#097;&#105;&#108;&#116;&#111;&#058;ch&#114;&#105;s&#116;&#105;an.&#116;ell&#105;&#110;&#064;&#114;&#121;&#116;m&#117;&#115;&#046;&#115;&#101;\"\n\t\t\t\t\t\t\t\t\t\t\t\t\tclass=\"u-text-link\">&#099;hris&#116;i&#097;n&#046;t&#101;lli&#110;&#064;rytm&#117;s&#046;s&#101;<\/a>\n\t\t\t\t\t\t\t\t\t\t\t<\/p>\n\t\t\t\t\t\t\t\t\t\t\t\t\t\t\t\t\t\t\t\t\t\t\t\t\t\t\t<\/div>\n\t\t\t\t\t\t\t\n\t\t\t\t\t\t\t\t\t\t\t\t\t<\/div>\n\t\t\t\t\t\t<div class=\"c-card__media\">\n\t\t\t\t\t\t\t\t\t\t\t\t\t\t\t\t\t\t\t\t\t\t\t\t\t\t\t\t\t\t\t\t\t\t\t\t\t\t\t\t\t\t\t\t\t\t\t\t\t<img decoding=\"async\" width=\"400\" height=\"267\" src=\"https:\/\/rytmus.se\/wp-content\/uploads\/sites\/7\/2022\/11\/christian-tellin-1-scaled-400x267.jpg\" class=\"u-radius-square u-ratio-landscape  \" alt=\"Personalbild Christian Tellin.\" sizes=\"(max-width: 300px) 100vw, 300px\" srcset=\"https:\/\/rytmus.se\/wp-content\/uploads\/sites\/7\/2022\/11\/christian-tellin-1-scaled-400x267.jpg 400w, https:\/\/rytmus.se\/wp-content\/uploads\/sites\/7\/2022\/11\/christian-tellin-1-scaled-300x200.jpg 300w, https:\/\/rytmus.se\/wp-content\/uploads\/sites\/7\/2022\/11\/christian-tellin-1-scaled-600x400.jpg 600w, https:\/\/rytmus.se\/wp-content\/uploads\/sites\/7\/2022\/11\/christian-tellin-1-scaled-800x533.jpg 800w, https:\/\/rytmus.se\/wp-content\/uploads\/sites\/7\/2022\/11\/christian-tellin-1-scaled-1024x682.jpg 1024w, https:\/\/rytmus.se\/wp-content\/uploads\/sites\/7\/2022\/11\/christian-tellin-1-scaled-1200x800.jpg 1200w\" \/>\n\t\t\t\t\t\t<\/div>\n\t\t\t\t\t<\/article>\n\t\t\t\t<\/li>\n\t\t\t\t\t<\/ul>\n\n\t\t\n\t\t    <div class=\"ams-contact__more u-inline-items js-load-more-btn\">\n        <button href=\"#\"\n                class=\"c-btn\"\n                data-style=\"square\"\n                data-size=\"md\"\n                data-width=\"full-mobile\"\n                data-variant=\"outline\">\n        \tVisa mer\n        <\/button>\n    <\/div>\n\n\t\t\t<\/div>\n\n\t\t\n\n<\/section>\n","protected":false},"excerpt":{"rendered":"<p>Om dagen Rytmus Daycamp \u00e4r mer \u00e4n en skuggdag &#8211; h\u00e4r f\u00e5r du verkligen prova p\u00e5 att vara elev hos oss, tillsammans med v\u00e5ra musikl\u00e4rare och kanske n\u00e5gra av dina framtida klasskamrater! Du v\u00e4ljer en av v\u00e5ra inriktiningar, och spelar eller skapar sedan musik en heldag h\u00e4r hos oss! Musiker\/Artist eller Musik\/Samh\u00e4lle:Denna inriktning v\u00e4ljer du&#8230;<\/p>\n","protected":false},"author":3,"featured_media":0,"parent":0,"menu_order":0,"comment_status":"closed","ping_status":"closed","template":"","meta":{"footnotes":""},"yoast_head":"<!-- This site is optimized with the Yoast SEO plugin v22.0 - https:\/\/yoast.com\/wordpress\/plugins\/seo\/ -->\n<title>Malm\u00f6<\/title>\n<meta name=\"description\" content=\"En oslagbar heldag med massor av musik, l\u00e5tskrivande och h\u00e4rligt h\u00e4ng f\u00f6r dig som \u00e4r intresserad av Rytmus Musikgymnasium Malm\u00f6.\" \/>\n<meta name=\"robots\" content=\"index, follow, max-snippet:-1, max-image-preview:large, max-video-preview:-1\" \/>\n<link rel=\"canonical\" href=\"https:\/\/rytmus.se\/malmo\/rytmus-daycamp\/\" \/>\n<meta property=\"og:locale\" content=\"sv_SE\" \/>\n<meta property=\"og:type\" content=\"article\" \/>\n<meta property=\"og:description\" content=\"En oslagbar heldag med massor av musik, l\u00e5tskrivande och h\u00e4rligt h\u00e4ng f\u00f6r dig som \u00e4r intresserad av Rytmus Musikgymnasium Malm\u00f6.\" \/>\n<meta property=\"og:url\" content=\"https:\/\/rytmus.se\/malmo\/rytmus-daycamp\/\" \/>\n<meta property=\"og:site_name\" content=\"Malm\u00f6\" \/>\n<meta property=\"article:modified_time\" content=\"2026-02-12T09:02:11+00:00\" \/>\n<meta name=\"twitter:card\" content=\"summary_large_image\" \/>\n<meta name=\"twitter:description\" content=\"En oslagbar heldag med massor av musik, l\u00e5tskrivande och h\u00e4rligt h\u00e4ng f\u00f6r dig som \u00e4r intresserad av Rytmus Musikgymnasium Malm\u00f6.\" \/>\n<meta name=\"twitter:label1\" content=\"Ber\u00e4knad l\u00e4stid\" \/>\n\t<meta name=\"twitter:data1\" content=\"3 minuter\" \/>\n<script type=\"application\/ld+json\" class=\"yoast-schema-graph\">{\"@context\":\"https:\/\/schema.org\",\"@graph\":[{\"@type\":\"WebPage\",\"@id\":\"https:\/\/rytmus.se\/malmo\/rytmus-daycamp\/\",\"url\":\"https:\/\/rytmus.se\/malmo\/rytmus-daycamp\/\",\"name\":\"Rytmus Daycamp - Malm\u00f6\",\"isPartOf\":{\"@id\":\"https:\/\/rytmus.se\/malmo\/#website\"},\"datePublished\":\"2024-03-21T09:27:28+00:00\",\"dateModified\":\"2026-02-12T09:02:11+00:00\",\"description\":\"En oslagbar heldag med massor av musik, l\u00e5tskrivande och h\u00e4rligt h\u00e4ng f\u00f6r dig som \u00e4r intresserad av Rytmus Musikgymnasium Malm\u00f6.\",\"breadcrumb\":{\"@id\":\"https:\/\/rytmus.se\/malmo\/rytmus-daycamp\/#breadcrumb\"},\"inLanguage\":\"sv-SE\",\"potentialAction\":[{\"@type\":\"ReadAction\",\"target\":[\"https:\/\/rytmus.se\/malmo\/rytmus-daycamp\/\"]}]},{\"@type\":\"BreadcrumbList\",\"@id\":\"https:\/\/rytmus.se\/malmo\/rytmus-daycamp\/#breadcrumb\",\"itemListElement\":[{\"@type\":\"ListItem\",\"position\":1,\"name\":\"Start\",\"item\":\"https:\/\/rytmus.se\/malmo\/\"},{\"@type\":\"ListItem\",\"position\":2,\"name\":\"Rytmus Daycamp\"}]},{\"@type\":\"WebSite\",\"@id\":\"https:\/\/rytmus.se\/malmo\/#website\",\"url\":\"https:\/\/rytmus.se\/malmo\/\",\"name\":\"Malm\u00f6\",\"description\":\"MAKE | MUSIC | LIVE\",\"potentialAction\":[{\"@type\":\"SearchAction\",\"target\":{\"@type\":\"EntryPoint\",\"urlTemplate\":\"https:\/\/rytmus.se\/malmo\/?s={search_term_string}\"},\"query-input\":\"required name=search_term_string\"}],\"inLanguage\":\"sv-SE\"}]}<\/script>\n<!-- \/ Yoast SEO plugin. -->","yoast_head_json":{"title":"Malm\u00f6","description":"En oslagbar heldag med massor av musik, l\u00e5tskrivande och h\u00e4rligt h\u00e4ng f\u00f6r dig som \u00e4r intresserad av Rytmus Musikgymnasium Malm\u00f6.","robots":{"index":"index","follow":"follow","max-snippet":"max-snippet:-1","max-image-preview":"max-image-preview:large","max-video-preview":"max-video-preview:-1"},"canonical":"https:\/\/rytmus.se\/malmo\/rytmus-daycamp\/","og_locale":"sv_SE","og_type":"article","og_description":"En oslagbar heldag med massor av musik, l\u00e5tskrivande och h\u00e4rligt h\u00e4ng f\u00f6r dig som \u00e4r intresserad av Rytmus Musikgymnasium Malm\u00f6.","og_url":"https:\/\/rytmus.se\/malmo\/rytmus-daycamp\/","og_site_name":"Malm\u00f6","article_modified_time":"2026-02-12T09:02:11+00:00","twitter_card":"summary_large_image","twitter_description":"En oslagbar heldag med massor av musik, l\u00e5tskrivande och h\u00e4rligt h\u00e4ng f\u00f6r dig som \u00e4r intresserad av Rytmus Musikgymnasium Malm\u00f6.","twitter_misc":{"Ber\u00e4knad l\u00e4stid":"3 minuter"},"schema":{"@context":"https:\/\/schema.org","@graph":[{"@type":"WebPage","@id":"https:\/\/rytmus.se\/malmo\/rytmus-daycamp\/","url":"https:\/\/rytmus.se\/malmo\/rytmus-daycamp\/","name":"Rytmus Daycamp - Malm\u00f6","isPartOf":{"@id":"https:\/\/rytmus.se\/malmo\/#website"},"datePublished":"2024-03-21T09:27:28+00:00","dateModified":"2026-02-12T09:02:11+00:00","description":"En oslagbar heldag med massor av musik, l\u00e5tskrivande och h\u00e4rligt h\u00e4ng f\u00f6r dig som \u00e4r intresserad av Rytmus Musikgymnasium Malm\u00f6.","breadcrumb":{"@id":"https:\/\/rytmus.se\/malmo\/rytmus-daycamp\/#breadcrumb"},"inLanguage":"sv-SE","potentialAction":[{"@type":"ReadAction","target":["https:\/\/rytmus.se\/malmo\/rytmus-daycamp\/"]}]},{"@type":"BreadcrumbList","@id":"https:\/\/rytmus.se\/malmo\/rytmus-daycamp\/#breadcrumb","itemListElement":[{"@type":"ListItem","position":1,"name":"Start","item":"https:\/\/rytmus.se\/malmo\/"},{"@type":"ListItem","position":2,"name":"Rytmus Daycamp"}]},{"@type":"WebSite","@id":"https:\/\/rytmus.se\/malmo\/#website","url":"https:\/\/rytmus.se\/malmo\/","name":"Malm\u00f6","description":"MAKE | MUSIC | LIVE","potentialAction":[{"@type":"SearchAction","target":{"@type":"EntryPoint","urlTemplate":"https:\/\/rytmus.se\/malmo\/?s={search_term_string}"},"query-input":"required name=search_term_string"}],"inLanguage":"sv-SE"}]}},"_links":{"self":[{"href":"https:\/\/rytmus.se\/malmo\/wp-json\/wp\/v2\/pages\/2148"}],"collection":[{"href":"https:\/\/rytmus.se\/malmo\/wp-json\/wp\/v2\/pages"}],"about":[{"href":"https:\/\/rytmus.se\/malmo\/wp-json\/wp\/v2\/types\/page"}],"author":[{"embeddable":true,"href":"https:\/\/rytmus.se\/malmo\/wp-json\/wp\/v2\/users\/3"}],"replies":[{"embeddable":true,"href":"https:\/\/rytmus.se\/malmo\/wp-json\/wp\/v2\/comments?post=2148"}],"version-history":[{"count":10,"href":"https:\/\/rytmus.se\/malmo\/wp-json\/wp\/v2\/pages\/2148\/revisions"}],"predecessor-version":[{"id":2860,"href":"https:\/\/rytmus.se\/malmo\/wp-json\/wp\/v2\/pages\/2148\/revisions\/2860"}],"wp:attachment":[{"href":"https:\/\/rytmus.se\/malmo\/wp-json\/wp\/v2\/media?parent=2148"}],"curies":[{"name":"wp","href":"https:\/\/api.w.org\/{rel}","templated":true}]}}