{"id":9,"date":"2022-07-25T22:56:05","date_gmt":"2022-07-25T20:56:05","guid":{"rendered":"https:\/\/rytmus.se\/goteborg\/?page_id=9"},"modified":"2026-02-17T09:43:14","modified_gmt":"2026-02-17T08:43:14","slug":"musiker-artist","status":"publish","type":"page","link":"https:\/\/rytmus.se\/goteborg\/ansok\/musiker-artist\/","title":{"rendered":"Ans\u00f6k Musiker\/Artist"},"content":{"rendered":"\n\t\n\t\n\t\n\n\t\n\t\n\t\t\n<section  class=\"c-block l-stacked  \" data-color-scheme=\"gra-ljus\">\n\t<div class=\"ams-fifty ams-fifty--container ams-fifty--left ams-fifty--top l-container u-pt-fluid-3xl-6xl u-pb-fluid-3xl-6xl\">\n\t\t<div class=\"ams-fifty__content l-stack l-stack-xl is-left is-left@lg\">\n\t\t\t<div class=\"ams-fifty__text l-stack l-stack-lg\">\n\t\t\t\t\t\n\t<h1\n\tclass=\"c-heading u-font-title-1 \"\n\tstyle=\"\">\n\t\t\n\t\t\t\t\tF\u00e4rdighetsprov &#8211; Musiker\/Artist\n\t\t\t\t\n\t<\/h1>\n\n\t\t\t\t\t\t\t\t\t<div class=\"text l-stack u-font-body\">\n\t\t\t\t\t\t<p>Efter att du har ans\u00f6kt till Rytmus G\u00f6teborg f\u00e5r du en kallelse per e-post (den adress som \u00e4r registrerad i Indra) till f\u00e4rdighetsprov hos oss. Har du \u00e4nnu inte f\u00e5tt ett mail med dag och tid, kolla skr\u00e4pposten eller h\u00f6r av dig till oss!<\/p>\n<p>F\u00e4rdighetsprovet sker under en halvdag p\u00e5 skolan d\u00e4r du tr\u00e4ffar l\u00e4rare och elever. H\u00e4r har du m\u00f6jlighet att f\u00e5 F\u00e4rdighetspo\u00e4ng (upp till 280 po\u00e4ng, och 320 po\u00e4ng om du s\u00f6ker Spets). Resultatet fr\u00e5n f\u00e4rdighetsprovet adderas sedan till ditt meritv\u00e4rde och du ans\u00f6ker p\u00e5 summan av meritv\u00e4rde plus f\u00e4rdighetspo\u00e4ng.<\/p>\n<p>Vi vill uppmuntra dig att f\u00f6rbereda dig v\u00e4l och i god tid f\u00f6r att ge dig sj\u00e4lv b\u00e4sta f\u00f6ruts\u00e4ttningar. Har du fr\u00e5gor s\u00e5 tveka inte att h\u00f6ra av dig till oss: <a href=\"mailto:anneli.mehlin@rytmus.se\">anneli.mehlin@rytmus.se<\/a><\/p>\n<p>Vi ser fram emot att tr\u00e4ffa dig!<\/p>\n\n\t\t\t\t\t<\/div>\n\t\t\t\t\t\t\t<\/div>\n\n\t\t\t\t\t<\/div>\n\n\t\t <div class=\"ams-fifty__media u-ratio-square\">\n\t\t \t\t\t\t\t<img decoding=\"async\" width=\"600\" height=\"600\" src=\"https:\/\/rytmus.se\/wp-content\/uploads\/sites\/5\/2024\/05\/rytmusmusiker-gitarrist052022-600x600.jpg\" class=\"attachment-md size-md\" alt=\"Kille spelar gitarr.\" sizes=\"(min-width: 64em) 600px, calc(100vw - 160px)\" srcset=\"https:\/\/rytmus.se\/wp-content\/uploads\/sites\/5\/2024\/05\/rytmusmusiker-gitarrist052022-600x600.jpg 600w, https:\/\/rytmus.se\/wp-content\/uploads\/sites\/5\/2024\/05\/rytmusmusiker-gitarrist052022-150x150.jpg 150w, https:\/\/rytmus.se\/wp-content\/uploads\/sites\/5\/2024\/05\/rytmusmusiker-gitarrist052022-300x300.jpg 300w, https:\/\/rytmus.se\/wp-content\/uploads\/sites\/5\/2024\/05\/rytmusmusiker-gitarrist052022-400x400.jpg 400w, https:\/\/rytmus.se\/wp-content\/uploads\/sites\/5\/2024\/05\/rytmusmusiker-gitarrist052022-800x800.jpg 800w, https:\/\/rytmus.se\/wp-content\/uploads\/sites\/5\/2024\/05\/rytmusmusiker-gitarrist052022-1024x1024.jpg 1024w, https:\/\/rytmus.se\/wp-content\/uploads\/sites\/5\/2024\/05\/rytmusmusiker-gitarrist052022.jpg 1080w\" \/>\n\t\t\t\n\t\t\t\n\t\t\t\t\t<\/div>\n\t<\/div>\n\n\t\t\n\n<\/section>\n\n\n\n\n<section  class=\"ams-usp c-block l-stacked\">\n\t<div class=\"l-container l-stack l-stack-fluid-2xl u-pt-fluid-3xl-6xl u-pb-fluid-3xl-6xl is-center is-center@md\">\n\t\t\t\t\t<div class=\"ams-usp__intro l-stack l-stack-lg\">\n\t\t\t\t\t\n\t<h2\n\tclass=\"c-heading u-font-title-1 \"\n\tstyle=\"\">\n\t\t\n\t\t\t\t\tHur ett prov g\u00e5r till\n\t\t\t\t\n\t<\/h2>\n\n\t\t\t\t\t\t\t<\/div>\n\t\t\n\t\t\t<ul class=\"ams-usp__list l-grid u-justify-center u-gap-fluid-2xl-4xl\">\n\t\t\t\t\t<li class=\"l-col-6@md l-col-4@lg\">\n\t\t\t\t<article\n\t\t\t\t\tclass=\"\n\t\t\t\t\tc-card\n\t\t\t\t\thas-media-zoom\n\t\t\t\t\t\n\t\t\t\t\t\n\t\t\t\t\t\"\n\t\t\t\t\tdata-variant=\"neutral\"\n\t\t\t\t\tdata-style=\"square\"\n\t\t\t\t\t\n\t\t\t\t\t>\n\t\t\t\t\t\t\t\t\t\t\t<div class=\"c-card__content l-stack l-stack-sm u-text-center\">\n\t\t\t\t\t\t\t\n\t\t\t\t\t\t\t\t\t\t\t\t\t\t\t<div class=\"c-card__text l-stack-xs u-font-body\">\n\t\t\t\t\t\t\t\t\t<p>N\u00e4r du kommer till skolan anm\u00e4ler du dig i receptionen innanf\u00f6r entr\u00e9n. Det kommer oftast vara v\u00e5r administrat\u00f6r Anneli som sitter d\u00e4r. Hon \u00f6ppnar d\u00f6rren ca 30 minuter innan. D\u00e4refter samlas alla s\u00f6kande elever f\u00f6r mer information om dagen.<\/p>\n\n\t\t\t\t\t\t\t\t<\/div>\n\t\t\t\t\t\t\t\t\t\t\t\t\t<\/div>\n\t\t\t\t\t\n\t\t\t\t\t<div class=\"c-card__media\">\n\t\t\t\t\t\t\t\t\t\t\t\t\t<img decoding=\"async\" width=\"400\" height=\"300\" src=\"https:\/\/rytmus.se\/wp-content\/uploads\/sites\/5\/2024\/06\/rytmus-fardighetsprov-person-202204-400x300.jpg\" class=\" u-ratio-landscape  ams_icon_size_default\" alt=\"Kille ler mot kameran.\" srcset=\"https:\/\/rytmus.se\/wp-content\/uploads\/sites\/5\/2024\/06\/rytmus-fardighetsprov-person-202204-400x300.jpg 400w, https:\/\/rytmus.se\/wp-content\/uploads\/sites\/5\/2024\/06\/rytmus-fardighetsprov-person-202204-300x225.jpg 300w, https:\/\/rytmus.se\/wp-content\/uploads\/sites\/5\/2024\/06\/rytmus-fardighetsprov-person-202204-600x450.jpg 600w, https:\/\/rytmus.se\/wp-content\/uploads\/sites\/5\/2024\/06\/rytmus-fardighetsprov-person-202204-800x600.jpg 800w, https:\/\/rytmus.se\/wp-content\/uploads\/sites\/5\/2024\/06\/rytmus-fardighetsprov-person-202204-1024x768.jpg 1024w, https:\/\/rytmus.se\/wp-content\/uploads\/sites\/5\/2024\/06\/rytmus-fardighetsprov-person-202204-1200x900.jpg 1200w, https:\/\/rytmus.se\/wp-content\/uploads\/sites\/5\/2024\/06\/rytmus-fardighetsprov-person-202204-768x576.jpg 768w, https:\/\/rytmus.se\/wp-content\/uploads\/sites\/5\/2024\/06\/rytmus-fardighetsprov-person-202204.jpg 1440w\" sizes=\"(max-width: 400px) 100vw, 400px\" \/>\n\t\t\t\t\t\t\t\t\t\t\t<\/div>\n\t\t\t\t<\/article>\n\t\t\t<\/li>\n\n\t\t\t\t\t<li class=\"l-col-6@md l-col-4@lg\">\n\t\t\t\t<article\n\t\t\t\t\tclass=\"\n\t\t\t\t\tc-card\n\t\t\t\t\thas-media-zoom\n\t\t\t\t\t\n\t\t\t\t\t\n\t\t\t\t\t\"\n\t\t\t\t\tdata-variant=\"neutral\"\n\t\t\t\t\tdata-style=\"square\"\n\t\t\t\t\t\n\t\t\t\t\t>\n\t\t\t\t\t\t\t\t\t\t\t<div class=\"c-card__content l-stack l-stack-sm u-text-center\">\n\t\t\t\t\t\t\t\n\t\t\t\t\t\t\t\t\t\t\t\t\t\t\t<div class=\"c-card__text l-stack-xs u-font-body\">\n\t\t\t\t\t\t\t\t\t<p>Under dagen f\u00e5r du tr\u00e4ffa b\u00e5de elever och l\u00e4rare. Dessutom kommer du att vara med i en workshop tillsammans med andra s\u00f6kande d\u00e4r vi p\u00e5 ett lekfullt s\u00e4tt jobbar med l\u00e5tskrivande, musiklyssning och andra kreativa moment.<\/p>\n\n\t\t\t\t\t\t\t\t<\/div>\n\t\t\t\t\t\t\t\t\t\t\t\t\t<\/div>\n\t\t\t\t\t\n\t\t\t\t\t<div class=\"c-card__media\">\n\t\t\t\t\t\t\t\t\t\t\t\t\t<img decoding=\"async\" width=\"400\" height=\"300\" src=\"https:\/\/rytmus.se\/wp-content\/uploads\/sites\/5\/2024\/06\/rytmus-fardighetstest-klart-202204-400x300.jpg\" class=\" u-ratio-landscape  ams_icon_size_default\" alt=\"Tv\u00e5 elever g\u00f6r high five.\" srcset=\"https:\/\/rytmus.se\/wp-content\/uploads\/sites\/5\/2024\/06\/rytmus-fardighetstest-klart-202204-400x300.jpg 400w, https:\/\/rytmus.se\/wp-content\/uploads\/sites\/5\/2024\/06\/rytmus-fardighetstest-klart-202204-300x225.jpg 300w, https:\/\/rytmus.se\/wp-content\/uploads\/sites\/5\/2024\/06\/rytmus-fardighetstest-klart-202204-600x450.jpg 600w, https:\/\/rytmus.se\/wp-content\/uploads\/sites\/5\/2024\/06\/rytmus-fardighetstest-klart-202204-800x600.jpg 800w, https:\/\/rytmus.se\/wp-content\/uploads\/sites\/5\/2024\/06\/rytmus-fardighetstest-klart-202204-1024x768.jpg 1024w, https:\/\/rytmus.se\/wp-content\/uploads\/sites\/5\/2024\/06\/rytmus-fardighetstest-klart-202204-1200x900.jpg 1200w, https:\/\/rytmus.se\/wp-content\/uploads\/sites\/5\/2024\/06\/rytmus-fardighetstest-klart-202204-768x576.jpg 768w, https:\/\/rytmus.se\/wp-content\/uploads\/sites\/5\/2024\/06\/rytmus-fardighetstest-klart-202204.jpg 1440w\" sizes=\"(max-width: 400px) 100vw, 400px\" \/>\n\t\t\t\t\t\t\t\t\t\t\t<\/div>\n\t\t\t\t<\/article>\n\t\t\t<\/li>\n\n\t\t\t\t\t<li class=\"l-col-6@md l-col-4@lg\">\n\t\t\t\t<article\n\t\t\t\t\tclass=\"\n\t\t\t\t\tc-card\n\t\t\t\t\thas-media-zoom\n\t\t\t\t\t\n\t\t\t\t\t\n\t\t\t\t\t\"\n\t\t\t\t\tdata-variant=\"neutral\"\n\t\t\t\t\tdata-style=\"square\"\n\t\t\t\t\t\n\t\t\t\t\t>\n\t\t\t\t\t\t\t\t\t\t\t<div class=\"c-card__content l-stack l-stack-sm u-text-center\">\n\t\t\t\t\t\t\t\n\t\t\t\t\t\t\t\t\t\t\t\t\t\t\t<div class=\"c-card__text l-stack-xs u-font-body\">\n\t\t\t\t\t\t\t\t\t<p>Vid ett tillf\u00e4lle under dagen kommer du tr\u00e4ffa n\u00e5gra l\u00e4rare f\u00f6r att framf\u00f6ra de l\u00e5tar du har f\u00f6rberett i f\u00f6rv\u00e4g. Detta moment tar ca 20 minuter och f\u00f6rutom att framf\u00f6ra dina l\u00e5tar g\u00f6r du ocks\u00e5 en h\u00e4rmnings\u00f6vning (geh\u00f6rs\u00f6vning).<\/p>\n\n\t\t\t\t\t\t\t\t<\/div>\n\t\t\t\t\t\t\t\t\t\t\t\t\t<\/div>\n\t\t\t\t\t\n\t\t\t\t\t<div class=\"c-card__media\">\n\t\t\t\t\t\t\t\t\t\t\t\t\t<img decoding=\"async\" width=\"400\" height=\"300\" src=\"https:\/\/rytmus.se\/wp-content\/uploads\/sites\/5\/2024\/06\/rytmus-fardighetstest-instrument-1-202204-400x300.jpg\" class=\" u-ratio-landscape  ams_icon_size_default\" alt=\"Tjej sitter och spelar gitarr.\" srcset=\"https:\/\/rytmus.se\/wp-content\/uploads\/sites\/5\/2024\/06\/rytmus-fardighetstest-instrument-1-202204-400x300.jpg 400w, https:\/\/rytmus.se\/wp-content\/uploads\/sites\/5\/2024\/06\/rytmus-fardighetstest-instrument-1-202204-300x225.jpg 300w, https:\/\/rytmus.se\/wp-content\/uploads\/sites\/5\/2024\/06\/rytmus-fardighetstest-instrument-1-202204-600x450.jpg 600w, https:\/\/rytmus.se\/wp-content\/uploads\/sites\/5\/2024\/06\/rytmus-fardighetstest-instrument-1-202204-800x600.jpg 800w, https:\/\/rytmus.se\/wp-content\/uploads\/sites\/5\/2024\/06\/rytmus-fardighetstest-instrument-1-202204-1024x768.jpg 1024w, https:\/\/rytmus.se\/wp-content\/uploads\/sites\/5\/2024\/06\/rytmus-fardighetstest-instrument-1-202204-1200x900.jpg 1200w, https:\/\/rytmus.se\/wp-content\/uploads\/sites\/5\/2024\/06\/rytmus-fardighetstest-instrument-1-202204-768x576.jpg 768w, https:\/\/rytmus.se\/wp-content\/uploads\/sites\/5\/2024\/06\/rytmus-fardighetstest-instrument-1-202204.jpg 1440w\" sizes=\"(max-width: 400px) 100vw, 400px\" \/>\n\t\t\t\t\t\t\t\t\t\t\t<\/div>\n\t\t\t\t<\/article>\n\t\t\t<\/li>\n\n\t\t\t<\/ul>\n\n\t\t\t<\/div>\n\n\t\t\n\n<\/section>\n\n\n\n\n\n<section  class=\"ams-faq ams_event_module c-block l-stacked js-load-more\" data-color-scheme=\"bakgrund-hover-standard\" data-count=\"5\" data-count-mobile=\"5\">\n\t<div class=\"l-container l-stack l-stack-fluid-2xl u-pt-fluid-3xl-6xl u-pb-fluid-3xl-6xl is-center is-center@md\">\n\t\t\t\t\t<div class=\"ams-faq__intro l-stack l-stack-lg\">\n\t\t\t\t\t\n\t<h2\n\tclass=\"c-heading u-font-title-1 \"\n\tstyle=\"\">\n\t\t\n\t\t\t\t\tF\u00f6rberedelser\n\t\t\t\t\n\t<\/h2>\n\n\t\t\t\t\t\t\t\t\t<div class=\"c-text l-stack u-cs-xl u-font-body\">\n\t\t\t\t\t\t<p>H\u00e4r kan du l\u00e4sa mer om de moment som ing\u00e5r f\u00e4rdighetsprovet och de f\u00f6rberedelser du beh\u00f6ver ha gjort inf\u00f6r det. Det \u00e4r viktigt att du kommer f\u00f6rberedd.<\/p>\n\n\t\t\t\t\t<\/div>\n\t\t\t\t\t\t\t<\/div>\n\t\t\n\t\t\n\t\n\t    \n\t\n\t<ul\n\t\tid=\"ams-faq-list-69f5c7cb4e084\"\n\t\tclass=\"ams-faq__ac ams-accordion_module c-accordion js-results \"\n\t\taria-label=\"Vanliga fr\u00e5gor\"\n\t\tdata-variant=\"border-between\"\n\t\tdata-ajax-action=\"log_faq_view\"\n\t\tdata-ajax-url=\"https:\/\/rytmus.se\/goteborg\/wp-admin\/admin-ajax.php\"\n\t\tdata-ajax-nonce=\"8daed89002\"\n\t\tdata-filter-animation=\"off\">\n\n\t\t\n\t\t\t\t\t\t\t\t\t\t\t\t\t\t\t\n\t\t\t\n\t\t\t<li data-ajax-id=\"1347\" class=\"c-accordion__item \"\n\t\t\tdata-filter=\"inso-fardighetstest musam januari-2023\"\n\t\t\t>\n\t\t\t\t<h3 class=\"c-accordion__header\">\n\t\t\t\t\t\t\t\t\t\t<button class=\"c-accordion__trigger u-py-sm u-px-fluid-md-xl u-font-title-4\">\n\t\t\t\t\t\t<span>Framf\u00f6rande av valfri l\u00e5t<\/span>\n\t\t\t\t\t\t<svg class=\"ams-icon ams-icon__arrow-down\" width=\"24\" height=\"24\" viewbox=\"0 0 24 24\" fill=\"currentColor\" aria-hidden=\"true\" xmlns=\"http:\/\/www.w3.org\/2000\/svg\">\n\t\t\t\t\t\t\t\t\t\t\t\t\t<path d=\"m11.2033 18.4294-10.872894-10.67584c-.440539-.42594-.440539-1.1147 0-1.54065l.665495-.64345c.440539-.42595 1.152899-.42595 1.593439 0l9.41066 9.27114 9.4107-9.26207c.4405-.42595 1.1529-.42595 1.5934 0l.6655.64345c.4405.42594.4405 1.1147 0 1.54065l-10.8729 10.67587c-.4405.4168-1.1529.4168-1.5934-.0091z\"\/>\n\t\t\t\t\t\n\t\t\t\t\t\t<\/svg>\n\t\t\t\t\t<\/button>\n\t\t\t\t<\/h3>\n\t\t\t\t<div class=\"c-accordion__body l-stack u-font-body\">\n\t\t\t\t\t<div class=\"c-accordion__body__inner u-p-fluid-md-xl l-stack\">\n\t\t\t\t\t\t<p><span style=\"font-weight: 400;\">Inf\u00f6r F\u00e4rdighetsprovet ska du v\u00e4lja och \u00f6va in en valfri l\u00e5t som du sedan framf\u00f6r p\u00e5 ditt huvudinstrument (s\u00e5ng, piano, gitarr, trummor, bas, fiol, trumpet, saxofon, eller n\u00e5got annat instrument som du v\u00e4ljer fritt). Om du vill ha komp p\u00e5 din egenvalda l\u00e5t tar du med en ackordskiss p\u00e5 l\u00e5ten vid provtillf\u00e4llet. Du kan ocks\u00e5 spela din valfria l\u00e5t till en bakgrund eller helt utan komp. <\/span><\/p>\n<p><span style=\"font-weight: 400;\">TIPS!<\/span><\/p>\n<p><span style=\"font-weight: 400;\">\u00d6va s\u00e5 mycket du kan p\u00e5 l\u00e5ten\/l\u00e5tarna s\u00e5 du k\u00e4nner dig v\u00e4l f\u00f6rberedd till du kommer till Rytmus. P\u00e5 skolan finns det instrument att l\u00e5na men har du ett eget instrument \u00e4r det en rekommendation att du anv\u00e4nder det, d\u00e5 du \u00e4r mest van vid hur det instrumentet k\u00e4nns och l\u00e5ter.<\/span><\/p>\n\n\t\t\t\t\t<\/div>\n\t\t\t\t<\/div>\n\t\t\t<\/li>\n\t\t\n\t\t\t\t\t\t\t\t\t\t\t\t\t\t\t\n\t\t\t\n\t\t\t<li data-ajax-id=\"1307\" class=\"c-accordion__item \"\n\t\t\tdata-filter=\"inso-fardighetstest musam siso-fardighetstest januari-2023\"\n\t\t\t>\n\t\t\t\t<h3 class=\"c-accordion__header\">\n\t\t\t\t\t\t\t\t\t\t<button class=\"c-accordion__trigger u-py-sm u-px-fluid-md-xl u-font-title-4\">\n\t\t\t\t\t\t<span>Framf\u00f6rande av obligatorisk l\u00e5t<\/span>\n\t\t\t\t\t\t<svg class=\"ams-icon ams-icon__arrow-down\" width=\"24\" height=\"24\" viewbox=\"0 0 24 24\" fill=\"currentColor\" aria-hidden=\"true\" xmlns=\"http:\/\/www.w3.org\/2000\/svg\">\n\t\t\t\t\t\t\t\t\t\t\t\t\t<path d=\"m11.2033 18.4294-10.872894-10.67584c-.440539-.42594-.440539-1.1147 0-1.54065l.665495-.64345c.440539-.42595 1.152899-.42595 1.593439 0l9.41066 9.27114 9.4107-9.26207c.4405-.42595 1.1529-.42595 1.5934 0l.6655.64345c.4405.42594.4405 1.1147 0 1.54065l-10.8729 10.67587c-.4405.4168-1.1529.4168-1.5934-.0091z\"\/>\n\t\t\t\t\t\n\t\t\t\t\t\t<\/svg>\n\t\t\t\t\t<\/button>\n\t\t\t\t<\/h3>\n\t\t\t\t<div class=\"c-accordion__body l-stack u-font-body\">\n\t\t\t\t\t<div class=\"c-accordion__body__inner u-p-fluid-md-xl l-stack\">\n\t\t\t\t\t\t<p>Ut\u00f6ver din valfria l\u00e5t ska du v\u00e4lja en av de obligatoriska l\u00e5tarna som finns listade h\u00e4r nedan. Vill du \u00e4ndra tonart p\u00e5 de obligatoriska l\u00e5tarna s\u00e4ger du bara till l\u00e4rarna vid F\u00e4rdighetsprovet. De kompar dig g\u00e4rna p\u00e5 den obligatoriska l\u00e5ten och \u00e4ven p\u00e5 din egenvalda om du \u00f6nskar det.<\/p>\n<p><strong>Bas<\/strong><\/p>\n<p>I wish \u2014\u00a0<a href=\"https:\/\/open.spotify.com\/track\/2dCDC6FXz80njhDidJVkAx\">Spotify<\/a>\u00a0\u2014\u00a0<a href=\"https:\/\/www.youtube.com\/watch?v=skmodkj42eE\">Youtube<\/a> \u2014\u00a0<a href=\"https:\/\/rytmus.se\/wp-content\/uploads\/sites\/5\/2023\/01\/noteriwish-bas.pdf\">Noter<\/a><\/p>\n<p>Slither \u2014\u00a0<a href=\"https:\/\/open.spotify.com\/track\/7kF1iPJTj3VFJX9XokQ80F?si=f78100f356474053\">Spotify<\/a>\u00a0\u2014\u00a0<a href=\"https:\/\/www.youtube.com\/watch?v=BKz2U4fvA4U\">Youtube<\/a> \u2014 <a href=\"https:\/\/rytmus.se\/wp-content\/uploads\/sites\/5\/2025\/11\/slither-bas.pdf\">Noter<\/a><\/p>\n<p>Route 66 (Natalie Cole&#8217;s version) \u2014\u00a0<a href=\"https:\/\/open.spotify.com\/track\/6vn1eEGBbV1V4g2KKokQYW?si=DMzi-21MRUuw-TotWG2-zw\">Spotify<\/a>\u00a0\u2014\u00a0<a href=\"https:\/\/www.youtube.com\/watch?v=dnEmX9fjAxk\">Youtube<\/a> \u2014 <a href=\"https:\/\/rytmus.se\/wp-content\/uploads\/sites\/5\/2025\/11\/route-66-bas-1.pdf\">Noter<\/a><\/p>\n<p>Pick up the pieces \u2014 <a href=\"https:\/\/open.spotify.com\/track\/2H5nsVLjDwWsxfyajm0lVS?si=PsCtPRsiRemDe4ErUrEfww\">Spotify<\/a>\u00a0\u2014\u00a0<a href=\"https:\/\/www.youtube.com\/watch?v=YEVcxDU4QqM&amp;list=RDYEVcxDU4QqM&amp;start_radio=1\">Youtube<\/a> \u2014 <a href=\"https:\/\/rytmus.se\/wp-content\/uploads\/sites\/5\/2025\/11\/pick-up-the-pieces-bas-1.pdf\">Noter<\/a><\/p>\n<p>The final countdown \u2014\u00a0<a href=\"https:\/\/open.spotify.com\/track\/3MrRksHupTVEQ7YbA0FsZK?si=00a_gJ-5TQe-w3jjo2eMjA\">Spotify<\/a>\u00a0\u2014\u00a0<a href=\"https:\/\/www.youtube.com\/watch?v=9jK-NcRmVcw&amp;list=RD9jK-NcRmVcw&amp;start_radio=1\">Youtube<\/a> \u2014 <a href=\"https:\/\/rytmus.se\/wp-content\/uploads\/sites\/5\/2025\/11\/the-final-countdown-bas-1.pdf\">Noter<\/a><\/p>\n<p><strong>Bl\u00e5s<\/strong><\/p>\n<p>Cantaloupe Island \u2014\u00a0<a href=\"https:\/\/open.spotify.com\/track\/1tckg6GRaTodmxnDd4Cxkl\">Spotify<\/a>\u00a0\u2014\u00a0<a href=\"https:\/\/www.youtube.com\/watch?v=cqwmDNPegnM\">Youtube<\/a> \u2014 <a href=\"https:\/\/rytmus.se\/wp-content\/uploads\/sites\/5\/2023\/01\/notercantaloupeisland-tenorsax.pdf\">Noter tenorsax<\/a> \u2014 <a href=\"https:\/\/rytmus.se\/wp-content\/uploads\/sites\/5\/2023\/01\/notercantaloupeisland-trombon.pdf\">Noter trombon<\/a> \u2014 <a href=\"https:\/\/rytmus.se\/wp-content\/uploads\/sites\/5\/2023\/01\/notercantaloupeisland-trumpet.pdf\">Noter trumpet<\/a>\u00a0\u2014 <a href=\"https:\/\/rytmus.se\/wp-content\/uploads\/sites\/5\/2023\/01\/notercantaloupeisland-altsax.pdf\">Noter altsax<\/a><\/p>\n<p>Sunny \u2013\u00a0<a href=\"https:\/\/open.spotify.com\/track\/2JdM4xPoCuHrMzOGQrMUBj\">Spotify<\/a>\u00a0\u2014\u00a0<a href=\"https:\/\/www.youtube.com\/watch?v=kAQf6Brq1NU\">Youtub<\/a>e \u2014 <a href=\"https:\/\/rytmus.se\/wp-content\/uploads\/sites\/5\/2023\/01\/notersunnyaltsax.pdf\">Noter altsax<\/a>\u00a0\u2014 <a href=\"https:\/\/rytmus.se\/wp-content\/uploads\/sites\/5\/2023\/01\/notersunnyflojt.pdf\">Noter flojt<\/a>\u00a0\u2014 <a href=\"https:\/\/rytmus.se\/wp-content\/uploads\/sites\/5\/2023\/01\/notersunnytrombone.pdf\">Noter trombone<\/a> \u2014 <a href=\"https:\/\/rytmus.se\/wp-content\/uploads\/sites\/5\/2023\/01\/notersunnytrumpetbb.pdf\">Noter Bb<\/a><\/p>\n<p>You are the sunshine of my life \u2014\u00a0<a href=\"https:\/\/open.spotify.com\/track\/7ntdCok2CiwTmyiAh96N10\">Spotify<\/a>\u00a0\u2014\u00a0<a href=\"https:\/\/www.youtube.com\/watch?v=3wZ_b_uUAdQ\">Youtube<\/a> \u2014 <a href=\"https:\/\/rytmus.se\/wp-content\/uploads\/sites\/5\/2023\/01\/noteryou-are-the-sunshine-trumpet-1.pdf\">Noter trumpet<\/a>\u2014 <a href=\"https:\/\/rytmus.se\/wp-content\/uploads\/sites\/5\/2023\/01\/noteryou-are-the-sunshine-trombone.pdf\">Noter trombone<\/a> \u2014 <a href=\"https:\/\/rytmus.se\/wp-content\/uploads\/sites\/5\/2023\/01\/noteryou-are-the-sunshine-altsax.pdf\">Noter altsax<\/a><\/p>\n<p><strong>Gitarr<\/strong><\/p>\n<p>The final countdown \u2014 <a href=\"https:\/\/open.spotify.com\/track\/3MrRksHupTVEQ7YbA0FsZK?si=34d83103c0324f87\">Spotify<\/a> \u2014 <a href=\"https:\/\/www.youtube.com\/watch?v=9jK-NcRmVcw\">Youtube<\/a> \u2014\u00a0 <a href=\"https:\/\/rytmus.se\/wp-content\/uploads\/sites\/5\/2025\/12\/the-final-countdown.pdf\">Noter Gitarr<\/a> \u2014 <a href=\"https:\/\/youtu.be\/qdnPHi9IxeA\">Film<\/a><\/p>\n<p>Route 66\u00a0 \u2014 <a href=\"https:\/\/open.spotify.com\/track\/6vn1eEGBbV1V4g2KKokQYW?si=345a2cbd439145f9\">Spotify<\/a> \u2014 <a href=\"https:\/\/www.youtube.com\/watch?v=dnEmX9fjAxk\">Youtube<\/a> \u2014 <a href=\"https:\/\/rytmus.se\/wp-content\/uploads\/sites\/5\/2025\/12\/route-66.pdf\">Noter Gitarr<\/a> \u2014 <a href=\"https:\/\/youtu.be\/HAplHSB8Nvs\">Film<\/a><\/p>\n<p>Pick up the pieces \u2014 <a href=\"https:\/\/open.spotify.com\/track\/2H5nsVLjDwWsxfyajm0lVS?si=PsCtPRsiRemDe4ErUrEfww\">Spotify<\/a> \u2014 <a href=\"https:\/\/www.youtube.com\/watch?v=YEVcxDU4QqM&amp;list=RDYEVcxDU4QqM&amp;start_radio=1\">Youtube<\/a> \u2014 <a href=\"https:\/\/rytmus.se\/wp-content\/uploads\/sites\/5\/2025\/12\/pickup-the-pieces-fm.pdf\">Noter Gitarr<\/a> \u2014 <a href=\"https:\/\/youtu.be\/3a__CSheCE4\">Film<\/a><\/p>\n<p>I wish\u00a0 \u2014 <a href=\"https:\/\/open.spotify.com\/track\/687YZan9Gol1UVvbpUSO6Y?si=c6c8df18afdf4112\">Spotify<\/a> \u2014 <a href=\"https:\/\/www.youtube.com\/watch?v=B6cqrjlqjuM\">Youtube<\/a> \u2014 <a href=\"https:\/\/rytmus.se\/wp-content\/uploads\/sites\/5\/2025\/12\/i-wish-sokning-rytmus.pdf\">Noter Gitarr<\/a> \u2014 <a href=\"https:\/\/youtu.be\/4_c3s4pTW28\">Film<\/a><\/p>\n<p>Slither \u2014 <a href=\"https:\/\/open.spotify.com\/track\/7kF1iPJTj3VFJX9XokQ80F?si=200ec60097da4f74\">Spotify<\/a> \u2014 <a href=\"https:\/\/youtu.be\/BKz2U4fvA4U\">Youtube<\/a> \u2014 <a href=\"https:\/\/rytmus.se\/wp-content\/uploads\/sites\/5\/2026\/02\/slither.pdf\">Noter Gitarr<\/a> \u2014 <a href=\"https:\/\/youtu.be\/RTdkmOct5Vo\">Film<\/a><\/p>\n<p><strong>Piano<\/strong><\/p>\n<p>Sonatina \u2014\u00a0<a href=\"https:\/\/open.spotify.com\/track\/5N7Q2ZWBJ8o5rebjSTn4Zz\">Spotify<\/a>\u00a0\u2014\u00a0<a href=\"https:\/\/www.youtube.com\/watch?v=0_Ksi2qmW0A\">Youtube<\/a> \u2014 <a href=\"https:\/\/rytmus.se\/wp-content\/uploads\/sites\/5\/2023\/01\/notersonatina.pdf\">Noter<\/a><\/p>\n<p>Visa fr\u00e5n Utanmyra \u2014\u00a0<a href=\"https:\/\/open.spotify.com\/track\/1CRxANVlNyN2IYjarx96gU\">Spotify<\/a>\u00a0\u2014\u00a0<a href=\"https:\/\/www.youtube.com\/watch?v=t2D5HlKLh34\">Youtube<\/a> \u2014 <a href=\"https:\/\/rytmus.se\/wp-content\/uploads\/sites\/5\/2023\/01\/notervisafranutanmyra.pdf\">Noter<\/a><\/p>\n<p>Sunny\u00a0 \u2014\u00a0<a href=\"https:\/\/open.spotify.com\/track\/2JdM4xPoCuHrMzOGQrMUBj\">Spotify<\/a>\u00a0\u2014\u00a0<a href=\"https:\/\/www.youtube.com\/watch?v=kAQf6Brq1NU\">Youtube<\/a> \u2014 <a href=\"https:\/\/rytmus.se\/wp-content\/uploads\/sites\/5\/2023\/01\/notersunny.pdf\">Noter<\/a><\/p>\n<p>F\u00f6r k\u00e4rlekens skull \u2014\u00a0<a href=\"https:\/\/open.spotify.com\/track\/5Mw3OMg0j3rJQzC54SO4Eb\">Spotify<\/a>\u00a0\u2014\u00a0<a href=\"https:\/\/www.youtube.com\/watch?v=6OshsmhkHgU&amp;list=RD6OshsmhkHgU&amp;start_radio=1\">Youtube<\/a> \u2014 <a href=\"https:\/\/rytmus.se\/wp-content\/uploads\/sites\/5\/2023\/01\/noterforkarlekensskull.pdf\">Noter<\/a><\/p>\n<p><strong>S\u00e5ng<\/strong><\/p>\n<p>Fly me to the moon \u2014\u00a0<a href=\"https:\/\/open.spotify.com\/track\/5Mw3OMg0j3rJQzC54SO4Eb\">Spotify<\/a>\u00a0\u2014\u00a0<a href=\"https:\/\/www.youtube.com\/watch?v=-b8brVSAAQA\">Youtube<\/a> \u2014 <a href=\"https:\/\/rytmus.se\/wp-content\/uploads\/sites\/5\/2023\/01\/noterflymetothemoon.pdf\">Noter<\/a><\/p>\n<p>Don\u2019t know why \u2014\u00a0<a href=\"https:\/\/open.spotify.com\/track\/6ybViy2qrO9sIi41EgRJgx\" target=\"_blank\" rel=\"noopener\">Spotify<\/a>\u00a0\u2014\u00a0<a href=\"https:\/\/www.youtube.com\/watch?v=tO4dxvguQDk\" target=\"_blank\" rel=\"noopener\">Youtube<\/a> \u2014 <a href=\"https:\/\/rytmus.se\/wp-content\/uploads\/sites\/5\/2023\/01\/noterdontknowwhy.pdf\" target=\"_blank\" rel=\"noopener\">Noter<\/a><\/p>\n<p>17 \u00e5r \u2014\u00a0\u00a0<a href=\"https:\/\/open.spotify.com\/track\/7MzmBmyI9KkyQJaPNLdtUi?si=d92f5c7b28ec4fc1\" target=\"_blank\" rel=\"noopener\">Spotify<\/a>\u00a0\u2014\u00a0<a href=\"https:\/\/www.youtube.com\/watch?v=sYMByMHwPRI\" target=\"_blank\" rel=\"noopener\">Youtube<\/a> \u2014 <a href=\"https:\/\/rytmus.se\/wp-content\/uploads\/sites\/5\/2023\/01\/17-ar.pdf\" target=\"_blank\" rel=\"noopener\">Noter<\/a><\/p>\n<p>Himlen \u00e4r oskyldigt bl\u00e5 \u2014\u00a0<a href=\"https:\/\/open.spotify.com\/track\/26Wa85rqkFLXkhejqUE47A\" target=\"_blank\" rel=\"noopener\">Spotify<\/a>\u00a0\u2014\u00a0<a href=\"https:\/\/www.youtube.com\/watch?v=_kSdTPigq60\" target=\"_blank\" rel=\"noopener\">Youtube<\/a> \u2014 <a href=\"https:\/\/rytmus.se\/wp-content\/uploads\/sites\/5\/2023\/01\/noter-himlen-a-cc-88r-oskyldigt-bla-cc-8a.pdf\" target=\"_blank\" rel=\"noopener\">Noter<\/a><\/p>\n<p>Make you Feel My Love \u2013<a href=\"https:\/\/open.spotify.com\/track\/273QnyCvJB65rScHJ1nPZb?si=2b2874e19e494b73\" target=\"_blank\" rel=\"noopener\">\u00a0Spotify<\/a>\u00a0\u2013<a href=\"https:\/\/www.youtube.com\/watch?v=9IzKueQ2ZxY\" target=\"_blank\" rel=\"noopener\">\u00a0YouTube<\/a> \u2013 <a href=\"https:\/\/rytmus.se\/wp-content\/uploads\/sites\/5\/2023\/01\/make-you-feel-my-love.pdf\" target=\"_blank\" rel=\"noopener\">Noter<\/a><\/p>\n<p><strong>Trummor<\/strong><\/p>\n<p><span style=\"font-family: -apple-system, BlinkMacSystemFont, 'Segoe UI', Roboto, 'Helvetica Neue', Arial, 'Noto Sans', 'Liberation Sans', sans-serif, 'Apple Color Emoji', 'Segoe UI Emoji', 'Segoe UI Symbol', 'Noto Color Emoji'; font-size: 1rem;\">Detroit Rock City \u2014\u00a0<\/span><a style=\"background-color: #ffffff; font-family: -apple-system, BlinkMacSystemFont, 'Segoe UI', Roboto, 'Helvetica Neue', Arial, 'Noto Sans', 'Liberation Sans', sans-serif, 'Apple Color Emoji', 'Segoe UI Emoji', 'Segoe UI Symbol', 'Noto Color Emoji'; font-size: 1rem;\" href=\"https:\/\/open.spotify.com\/track\/6OtnlynaTKGksWAW28QYY6\" target=\"_blank\" rel=\"noopener\">Spotify<\/a><span style=\"font-family: -apple-system, BlinkMacSystemFont, 'Segoe UI', Roboto, 'Helvetica Neue', Arial, 'Noto Sans', 'Liberation Sans', sans-serif, 'Apple Color Emoji', 'Segoe UI Emoji', 'Segoe UI Symbol', 'Noto Color Emoji'; font-size: 1rem;\">\u00a0\u2014\u00a0<\/span><a style=\"background-color: #ffffff; font-family: -apple-system, BlinkMacSystemFont, 'Segoe UI', Roboto, 'Helvetica Neue', Arial, 'Noto Sans', 'Liberation Sans', sans-serif, 'Apple Color Emoji', 'Segoe UI Emoji', 'Segoe UI Symbol', 'Noto Color Emoji'; font-size: 1rem;\" href=\"https:\/\/www.youtube.com\/watch?v=iZq3i94mSsQ\" target=\"_blank\" rel=\"noopener\">Youtube<\/a><span style=\"font-family: -apple-system, BlinkMacSystemFont, 'Segoe UI', Roboto, 'Helvetica Neue', Arial, 'Noto Sans', 'Liberation Sans', sans-serif, 'Apple Color Emoji', 'Segoe UI Emoji', 'Segoe UI Symbol', 'Noto Color Emoji'; font-size: 1rem;\"> \u2014 <\/span><a style=\"background-color: #ffffff; font-family: -apple-system, BlinkMacSystemFont, 'Segoe UI', Roboto, 'Helvetica Neue', Arial, 'Noto Sans', 'Liberation Sans', sans-serif, 'Apple Color Emoji', 'Segoe UI Emoji', 'Segoe UI Symbol', 'Noto Color Emoji'; font-size: 1rem;\" href=\"https:\/\/rytmus.se\/wp-content\/uploads\/sites\/5\/2023\/01\/detroit-rock-city.pdf\" target=\"_blank\" rel=\"noopener\">Noter<\/a><\/p>\n<p>Hate to say \u00a0\u2014\u00a0<a href=\"https:\/\/open.spotify.com\/track\/0dcJ1SsbTmAvC3ZVvUYMIy\" target=\"_blank\" rel=\"noopener\">Spotify<\/a>\u00a0\u2014\u00a0<a href=\"https:\/\/www.youtube.com\/watch?v=Uz1Jwyxd4tE\" target=\"_blank\" rel=\"noopener\">Youtube<\/a> \u2014 <a href=\"https:\/\/rytmus.se\/wp-content\/uploads\/sites\/5\/2023\/01\/hate-to-say.pdf\" target=\"_blank\" rel=\"noopener\">Noter<\/a><\/p>\n<p>Just kissed my baby \u2014\u00a0<a href=\"https:\/\/open.spotify.com\/track\/1TB0dZqFRQsnf4fLLLRKQV\" target=\"_blank\" rel=\"noopener\">Spotify<\/a>\u00a0\u2014\u00a0<a href=\"https:\/\/www.youtube.com\/watch?v=Ma8ABYwo1Ew\" target=\"_blank\" rel=\"noopener\">Youtube<\/a> \u2014 <a href=\"https:\/\/rytmus.se\/wp-content\/uploads\/sites\/5\/2023\/01\/just-kissed-my.pdf\" target=\"_blank\" rel=\"noopener\">Noter<\/a><\/p>\n<p>Tenor Madness \u2014\u00a0<a href=\"https:\/\/open.spotify.com\/track\/4rKs17epMsVajhUTsUWEml\" target=\"_blank\" rel=\"noopener\">Spotify<\/a>\u00a0\u2014\u00a0<a href=\"https:\/\/www.youtube.com\/watch?v=3MkUvZUTFUc\" target=\"_blank\" rel=\"noopener\">Youtube<\/a> \u2014 <a href=\"https:\/\/rytmus.se\/wp-content\/uploads\/sites\/5\/2023\/01\/tenor-madness.pdf\" target=\"_blank\" rel=\"noopener\">Noter<\/a><\/p>\n<p><strong>Str\u00e5kar<\/strong><\/p>\n<p><span style=\"font-family: -apple-system, BlinkMacSystemFont, 'Segoe UI', Roboto, 'Helvetica Neue', Arial, 'Noto Sans', 'Liberation Sans', sans-serif, 'Apple Color Emoji', 'Segoe UI Emoji', 'Segoe UI Symbol', 'Noto Color Emoji'; font-size: 1rem;\">You raise me up \u2013\u00a0<\/span><a style=\"background-color: #ffffff; font-family: -apple-system, BlinkMacSystemFont, 'Segoe UI', Roboto, 'Helvetica Neue', Arial, 'Noto Sans', 'Liberation Sans', sans-serif, 'Apple Color Emoji', 'Segoe UI Emoji', 'Segoe UI Symbol', 'Noto Color Emoji'; font-size: 1rem;\" href=\"https:\/\/open.spotify.com\/track\/1J5jCQ4GCR3QK5TNDYVHze\" target=\"_blank\" rel=\"noopener\">Spotify<\/a><span style=\"font-family: -apple-system, BlinkMacSystemFont, 'Segoe UI', Roboto, 'Helvetica Neue', Arial, 'Noto Sans', 'Liberation Sans', sans-serif, 'Apple Color Emoji', 'Segoe UI Emoji', 'Segoe UI Symbol', 'Noto Color Emoji'; font-size: 1rem;\">\u00a0\u2013\u00a0<\/span><a style=\"background-color: #ffffff; font-family: -apple-system, BlinkMacSystemFont, 'Segoe UI', Roboto, 'Helvetica Neue', Arial, 'Noto Sans', 'Liberation Sans', sans-serif, 'Apple Color Emoji', 'Segoe UI Emoji', 'Segoe UI Symbol', 'Noto Color Emoji'; font-size: 1rem;\" href=\"https:\/\/www.youtube.com\/watch?v=sHpwbh9lxxY\" target=\"_blank\" rel=\"noopener\">Youtube<\/a><span style=\"font-family: -apple-system, BlinkMacSystemFont, 'Segoe UI', Roboto, 'Helvetica Neue', Arial, 'Noto Sans', 'Liberation Sans', sans-serif, 'Apple Color Emoji', 'Segoe UI Emoji', 'Segoe UI Symbol', 'Noto Color Emoji'; font-size: 1rem;\"> \u2013 <\/span><a style=\"background-color: #ffffff; font-family: -apple-system, BlinkMacSystemFont, 'Segoe UI', Roboto, 'Helvetica Neue', Arial, 'Noto Sans', 'Liberation Sans', sans-serif, 'Apple Color Emoji', 'Segoe UI Emoji', 'Segoe UI Symbol', 'Noto Color Emoji'; font-size: 1rem;\" href=\"https:\/\/rytmus.se\/wp-content\/uploads\/sites\/5\/2023\/01\/you-raise-me-up-fiolviolin.pdf\" target=\"_blank\" rel=\"noopener\">Noter<\/a><\/p>\n<p><span style=\"font-family: -apple-system, BlinkMacSystemFont, 'Segoe UI', Roboto, 'Helvetica Neue', Arial, 'Noto Sans', 'Liberation Sans', sans-serif, 'Apple Color Emoji', 'Segoe UI Emoji', 'Segoe UI Symbol', 'Noto Color Emoji'; font-size: 1rem;\">Autumn leaves \u2013\u00a0<\/span><a style=\"background-color: #ffffff; font-family: -apple-system, BlinkMacSystemFont, 'Segoe UI', Roboto, 'Helvetica Neue', Arial, 'Noto Sans', 'Liberation Sans', sans-serif, 'Apple Color Emoji', 'Segoe UI Emoji', 'Segoe UI Symbol', 'Noto Color Emoji'; font-size: 1rem;\" href=\"https:\/\/www.youtube.com\/watch?v=NONXLrulxFM\" target=\"_blank\" rel=\"noopener\">Youtube<\/a><span style=\"font-family: -apple-system, BlinkMacSystemFont, 'Segoe UI', Roboto, 'Helvetica Neue', Arial, 'Noto Sans', 'Liberation Sans', sans-serif, 'Apple Color Emoji', 'Segoe UI Emoji', 'Segoe UI Symbol', 'Noto Color Emoji'; font-size: 1rem;\"> \u2013 <\/span><a style=\"background-color: #ffffff; font-family: -apple-system, BlinkMacSystemFont, 'Segoe UI', Roboto, 'Helvetica Neue', Arial, 'Noto Sans', 'Liberation Sans', sans-serif, 'Apple Color Emoji', 'Segoe UI Emoji', 'Segoe UI Symbol', 'Noto Color Emoji'; font-size: 1rem;\" href=\"https:\/\/rytmus.se\/wp-content\/uploads\/sites\/5\/2023\/01\/autumn-leaves-fiolviolin.pdf\" target=\"_blank\" rel=\"noopener\">Noter<\/a><\/p>\n<p><span style=\"font-family: -apple-system, BlinkMacSystemFont, 'Segoe UI', Roboto, 'Helvetica Neue', Arial, 'Noto Sans', 'Liberation Sans', sans-serif, 'Apple Color Emoji', 'Segoe UI Emoji', 'Segoe UI Symbol', 'Noto Color Emoji'; font-size: 1rem;\">Polska efter Byss-Kalle \u2013 <\/span><a style=\"background-color: #ffffff; font-family: -apple-system, BlinkMacSystemFont, 'Segoe UI', Roboto, 'Helvetica Neue', Arial, 'Noto Sans', 'Liberation Sans', sans-serif, 'Apple Color Emoji', 'Segoe UI Emoji', 'Segoe UI Symbol', 'Noto Color Emoji'; font-size: 1rem;\" href=\"https:\/\/open.spotify.com\/track\/0lbN1KpDPUhf6oJzFl8MQK\" target=\"_blank\" rel=\"noopener\">Spotify<\/a><span style=\"font-family: -apple-system, BlinkMacSystemFont, 'Segoe UI', Roboto, 'Helvetica Neue', Arial, 'Noto Sans', 'Liberation Sans', sans-serif, 'Apple Color Emoji', 'Segoe UI Emoji', 'Segoe UI Symbol', 'Noto Color Emoji'; font-size: 1rem;\">\u00a0\u2013\u00a0<\/span><a style=\"background-color: #ffffff; font-family: -apple-system, BlinkMacSystemFont, 'Segoe UI', Roboto, 'Helvetica Neue', Arial, 'Noto Sans', 'Liberation Sans', sans-serif, 'Apple Color Emoji', 'Segoe UI Emoji', 'Segoe UI Symbol', 'Noto Color Emoji'; font-size: 1rem;\" href=\"https:\/\/youtu.be\/eAd67TtcLgs?t=119\" target=\"_blank\" rel=\"noopener\">Youtube<\/a><span style=\"font-family: -apple-system, BlinkMacSystemFont, 'Segoe UI', Roboto, 'Helvetica Neue', Arial, 'Noto Sans', 'Liberation Sans', sans-serif, 'Apple Color Emoji', 'Segoe UI Emoji', 'Segoe UI Symbol', 'Noto Color Emoji'; font-size: 1rem;\"> \u2013 <\/span><a style=\"background-color: #ffffff; font-family: -apple-system, BlinkMacSystemFont, 'Segoe UI', Roboto, 'Helvetica Neue', Arial, 'Noto Sans', 'Liberation Sans', sans-serif, 'Apple Color Emoji', 'Segoe UI Emoji', 'Segoe UI Symbol', 'Noto Color Emoji'; font-size: 1rem;\" href=\"https:\/\/rytmus.se\/wp-content\/uploads\/sites\/5\/2023\/01\/polska-efter-byss-kalle-fiolviolin.pdf\" target=\"_blank\" rel=\"noopener\">Noter<\/a><\/p>\n<p>Concerto in B-minor \u2013 <a href=\"https:\/\/open.spotify.com\/track\/6NDCJK2mLHcFdm1IxyiD9y\" target=\"_blank\" rel=\"noopener\">Spotify<\/a>\u00a0\u2013\u00a0<a href=\"https:\/\/www.youtube.com\/watch?v=WJ0eV1D6N8w\" target=\"_blank\" rel=\"noopener\">Youtube<\/a> \u2013 <a href=\"https:\/\/rytmus.se\/wp-content\/uploads\/sites\/5\/2023\/01\/concerto-in-b-minor-fiolviolin.pdf\" target=\"_blank\" rel=\"noopener\">Noter<\/a><\/p>\n\n\t\t\t\t\t<\/div>\n\t\t\t\t<\/div>\n\t\t\t<\/li>\n\t\t\n\t\t\t\t\t\t\t\t\t\t\t\t\t\t\t\n\t\t\t\n\t\t\t<li data-ajax-id=\"1306\" class=\"c-accordion__item \"\n\t\t\tdata-filter=\"inso-fardighetstest muprod-fardighetstest musam siso-fardighetstest vocal-fardighetstest januari-2023\"\n\t\t\t>\n\t\t\t\t<h3 class=\"c-accordion__header\">\n\t\t\t\t\t\t\t\t\t\t<button class=\"c-accordion__trigger u-py-sm u-px-fluid-md-xl u-font-title-4\">\n\t\t\t\t\t\t<span>Geh\u00f6rs\u00f6vning<\/span>\n\t\t\t\t\t\t<svg class=\"ams-icon ams-icon__arrow-down\" width=\"24\" height=\"24\" viewbox=\"0 0 24 24\" fill=\"currentColor\" aria-hidden=\"true\" xmlns=\"http:\/\/www.w3.org\/2000\/svg\">\n\t\t\t\t\t\t\t\t\t\t\t\t\t<path d=\"m11.2033 18.4294-10.872894-10.67584c-.440539-.42594-.440539-1.1147 0-1.54065l.665495-.64345c.440539-.42595 1.152899-.42595 1.593439 0l9.41066 9.27114 9.4107-9.26207c.4405-.42595 1.1529-.42595 1.5934 0l.6655.64345c.4405.42594.4405 1.1147 0 1.54065l-10.8729 10.67587c-.4405.4168-1.1529.4168-1.5934-.0091z\"\/>\n\t\t\t\t\t\n\t\t\t\t\t\t<\/svg>\n\t\t\t\t\t<\/button>\n\t\t\t\t<\/h3>\n\t\t\t\t<div class=\"c-accordion__body l-stack u-font-body\">\n\t\t\t\t\t<div class=\"c-accordion__body__inner u-p-fluid-md-xl l-stack\">\n\t\t\t\t\t\t<p>Det h\u00e4r momentet \u00e4r en h\u00e4rmnings\u00f6vning. Det \u00e4r en del av testet du inte kan f\u00f6rbereda inf\u00f6r, l\u00e4rarna kommer p\u00e5 plats f\u00f6rklara hur det g\u00e5r till och leda dig genom momentet.<\/p>\n\n\t\t\t\t\t<\/div>\n\t\t\t\t<\/div>\n\t\t\t<\/li>\n\t\t\n\t\t\t\t\t\t\t\t\t\t\t\t\t\t\t\n\t\t\t\n\t\t\t<li data-ajax-id=\"1305\" class=\"c-accordion__item \"\n\t\t\tdata-filter=\"inso-fardighetstest musam siso-fardighetstest vocal-fardighetstest januari-2023\"\n\t\t\t>\n\t\t\t\t<h3 class=\"c-accordion__header\">\n\t\t\t\t\t\t\t\t\t\t<button class=\"c-accordion__trigger u-py-sm u-px-fluid-md-xl u-font-title-4\">\n\t\t\t\t\t\t<span>Samspel och improvisation<\/span>\n\t\t\t\t\t\t<svg class=\"ams-icon ams-icon__arrow-down\" width=\"24\" height=\"24\" viewbox=\"0 0 24 24\" fill=\"currentColor\" aria-hidden=\"true\" xmlns=\"http:\/\/www.w3.org\/2000\/svg\">\n\t\t\t\t\t\t\t\t\t\t\t\t\t<path d=\"m11.2033 18.4294-10.872894-10.67584c-.440539-.42594-.440539-1.1147 0-1.54065l.665495-.64345c.440539-.42595 1.152899-.42595 1.593439 0l9.41066 9.27114 9.4107-9.26207c.4405-.42595 1.1529-.42595 1.5934 0l.6655.64345c.4405.42594.4405 1.1147 0 1.54065l-10.8729 10.67587c-.4405.4168-1.1529.4168-1.5934-.0091z\"\/>\n\t\t\t\t\t\n\t\t\t\t\t\t<\/svg>\n\t\t\t\t\t<\/button>\n\t\t\t\t<\/h3>\n\t\t\t\t<div class=\"c-accordion__body l-stack u-font-body\">\n\t\t\t\t\t<div class=\"c-accordion__body__inner u-p-fluid-md-xl l-stack\">\n\t\t\t\t\t\t<p>Under det h\u00e4r momentet spelar vi och sjunger tillsammans. Den h\u00e4r delen av testet kan du inte f\u00f6rbereda dig inf\u00f6r, l\u00e4rarna kommer att leda dig genom momentet. Momentet finns <span style=\"font-weight: 400;\">d\u00e5 musikalisk kommunikation \u00e4r en av de f\u00e4rdigheterna vi \u00e4r intresserade av. <\/span><\/p>\n\n\t\t\t\t\t<\/div>\n\t\t\t\t<\/div>\n\t\t\t<\/li>\n\t\t\t<\/ul>\n\n\t<div class=\"no-results u-mt-0 u-hide\" data-filter-fallback-id=\"ams-faq-list-69f5c7cb4e084\">\n\t<p>Det finns inga resultat som matchar din filtrering.<\/p>\n<\/div>\n\n\t    <div class=\"ams-faq__more u-inline-items js-load-more-btn\">\n        <button href=\"#\"\n                class=\"c-btn\"\n                data-style=\"square\"\n                data-size=\"md\"\n                data-width=\"full-mobile\"\n                data-variant=\"outline\">\n        \tVisa fler resultat\n        <\/button>\n    <\/div>\n\n\n\t\t\n\t\t\t<\/div>\n\n\t\t\n\n<\/section>\n\n\n\n<section \n\t\t class=\"\n\t\t ams-contact\n\t\t \n\t\t c-block l-stacked\n\t\t \n\t\t \n\t\t js-load-more\n\t\t \"\n\t\t data-color-scheme=\"gra-ljus\"\n\t\t\t\t\tdata-count=\"3\"\n\t\t\t\t\t\t\tdata-count-mobile=\"2\"\n\t\t\t\t>\n\t<div\n\t\t class=\"\n\t\t l-container\n\t\t l-stack l-stack-fluid-2xl\n\t\t u-pt-fluid-3xl-6xl\n\t\t u-pb-fluid-3xl-6xl\n\t\t is-center\n\t\t is-center@md\n\t\t \">\n\t\t\t\t\t<div class=\"ams-contact__intro l-stack l-stack-lg\">\n\t\t\t\t\t\n\t<h2\n\tclass=\"c-heading u-font-title-1 \"\n\tstyle=\"\">\n\t\t\n\t\t\t\t\tHar du fr\u00e5gor?\n\t\t\t\t\n\t<\/h2>\n\n\t\t\t\t\t\t\t\t\t<div class=\"c-text l-stack u-cs-xl u-font-body\">\n\t\t\t\t\t\t<p>Om du har fr\u00e5gor eller funderingar \u00e4r du varmt v\u00e4lkommen att kontakta oss.<\/p>\n\n\t\t\t\t\t<\/div>\n\t\t\t\t\t\t\t<\/div>\n\t\t\n\t\t\n\t\t    \t\n\t\t\n\t\t<ul\n\t\t\tid=\"contact-grid-69f5c7cb6bb67\"\n\t\t\tclass=\"ams-contact__list l-grid u-gap-fluid-2xl-4xl u-justify-center js-results \"\n\t\t\taria-label=\"Kontakter\"\n\t\t\tdata-filter-animation=\"off\"\n\t\t\t>\n\t\t\t\t\t\t\t\t\t\t\t\n\t\t\t\t\n\t\t\t\t<li class=\"l-col-6@md l-col-4@lg \" data-filter=\"larare\">\n\t\t\t\t\t<article class=\"c-card \" data-variant=\"neutral\">\n\t\t\t\t\t\t<div class=\"c-card__content u-text-center\">\n\t\t\t\t\t\t\t\t\t\t\t\t\t\t\t<h3 class=\"c-card__title u-font-title-3\">\n\t\t\t\t\t\t\t\t\tJonas Pettersson\n\t\t\t\t\t\t\t\t<\/h3>\n\t\t\t\t\t\t\t\n\t\t\t\t\t\t\t\t\t\t\t\t\t\t\t<p class=\"position u-font-body\">S\u00e5ng<\/p>\n\t\t\t\t\t\t\t\n\t\t\t\t\t\t\t\t\t\t\t\t\t\t\t<div class=\"contact-info u-font-body\">\n\t\t\t\t\t\t\t\t\t\n\t\t\t\t\t\t\t\t\t\t\t\t\t\t\t\t\t\t\t\t\t\t\t\t\t\t\t\t\t\t<p class=\"email\"><a\n\t\t\t\t\t\t\t\t\t\t\t\t\thref=\"m&#097;i&#108;&#116;o&#058;j&#111;n&#097;&#115;.&#112;et&#116;e&#114;s&#115;&#111;&#110;&#064;&#103;&#097;&#046;r&#121;&#116;mus.&#115;&#101;\"\n\t\t\t\t\t\t\t\t\t\t\t\t\tclass=\"u-text-link\">jo&#110;a&#115;&#046;&#112;&#101;&#116;&#116;&#101;&#114;&#115;&#115;&#111;n&#064;&#103;&#097;&#046;r&#121;&#116;mu&#115;.se<\/a>\n\t\t\t\t\t\t\t\t\t\t\t<\/p>\n\t\t\t\t\t\t\t\t\t\t\t\t\t\t\t\t\t\t\t\t\t\t\t\t\t\t\t<\/div>\n\t\t\t\t\t\t\t\n\t\t\t\t\t\t\t\t\t\t\t\t\t<\/div>\n\t\t\t\t\t\t<div class=\"c-card__media\">\n\t\t\t\t\t\t\t\t\t\t\t\t\t\t\t\t\t\t\t\t\t\t\t\t\t\t\t\t\t\t\t\t\t\t\t\t\t\t\t\t\t\t\t\t\t\t\t\t\t<img decoding=\"async\" width=\"400\" height=\"335\" src=\"https:\/\/rytmus.se\/wp-content\/uploads\/sites\/5\/2022\/11\/jonasp-e1699860516873-400x335.jpg\" class=\"u-radius-square u-ratio-landscape  \" alt=\"Personalbild Jonas Pettersson.\" sizes=\"(max-width: 300px) 100vw, 300px\" srcset=\"https:\/\/rytmus.se\/wp-content\/uploads\/sites\/5\/2022\/11\/jonasp-e1699860516873-400x335.jpg 400w, https:\/\/rytmus.se\/wp-content\/uploads\/sites\/5\/2022\/11\/jonasp-e1699860516873-300x251.jpg 300w, https:\/\/rytmus.se\/wp-content\/uploads\/sites\/5\/2022\/11\/jonasp-e1699860516873-600x503.jpg 600w, https:\/\/rytmus.se\/wp-content\/uploads\/sites\/5\/2022\/11\/jonasp-e1699860516873-800x670.jpg 800w, https:\/\/rytmus.se\/wp-content\/uploads\/sites\/5\/2022\/11\/jonasp-e1699860516873-1024x858.jpg 1024w, https:\/\/rytmus.se\/wp-content\/uploads\/sites\/5\/2022\/11\/jonasp-e1699860516873-1200x1005.jpg 1200w, https:\/\/rytmus.se\/wp-content\/uploads\/sites\/5\/2022\/11\/jonasp-e1699860516873.jpg 1600w\" \/>\n\t\t\t\t\t\t<\/div>\n\t\t\t\t\t<\/article>\n\t\t\t\t<\/li>\n\t\t\t\t\t<\/ul>\n\n\t\t\n\t\t    <div class=\"ams-contact__more u-inline-items js-load-more-btn\">\n        <button href=\"#\"\n                class=\"c-btn\"\n                data-style=\"square\"\n                data-size=\"md\"\n                data-width=\"full-mobile\"\n                data-variant=\"outline\">\n        \tVisa mer\n        <\/button>\n    <\/div>\n\n\t\t\t<\/div>\n\n\t\t\n\n<\/section>\n\n\n\n\t<div class=\"module_wrapper ams_remote_pages_module \">\n\t\t\n\n<section  class=\"ams-cta ams-cta--stacked c-block l-stacked\" data-color-scheme=\"white\">\n\t<div class=\"l-container l-stack l-stack-fluid-2xl u-pt-fluid-2xl-4xl u-pb-fluid-2xl-4xl is-center is-center@md\">\n\t\t\t\t\t<div class=\"ams-cta__intro l-stack l-stack-lg\">\n\t\t\t\t\t\n\t<h2\n\tclass=\"c-heading u-font-title-1 \"\n\tstyle=\"\">\n\t\t\n\t\t\t\t\tBes\u00f6k oss\n\t\t\t\t\n\t<\/h2>\n\n\t\t\t\t\t\t\t\t\t<div class=\"c-text l-stack u-cs-xl u-font-body\">\n\t\t\t\t\t\t<p>\u00c4r du nyfiken p\u00e5 Rytmus? Bes\u00f6k oss p\u00e5 \u00d6ppet hus eller p\u00e5 en Prova p\u00e5-dag s\u00e5 f\u00e5r du se v\u00e5ra lokaler, l\u00e4ra dig mer om v\u00e5r skola och k\u00e4nna p\u00e5 Rytmusandan.<\/p>\n\n\t\t\t\t\t<\/div>\n\t\t\t\t\t\t\t<\/div>\n\t\t\n\t\t\n\t\t\t<div class=\"ams-cta__action u-inline-items\">\n\t\t\t\t\t\t\t\n\n\n<a href=\"https:\/\/rytmus.se\/goteborg\/oppet-hus\/\"\n\t\n\tclass=\"c-btn \"\n\tdata-style=\"square\"\n\tdata-size=\"md\"\n\tdata-width=\"full-mobile\"\n\tdata-variant=\"default\"\n\ttarget=\"_self\">\n\t\t\t<span class=\"label\"> Kom p\u00e5 \u00d6ppet hus<\/span>\n\t\t\t<\/a>\n\t\t\t\t\t\t\t\n\n\n<a href=\"https:\/\/rytmus.se\/goteborg\/prova-pa-dag\/\"\n\t\n\tclass=\"c-btn \"\n\tdata-style=\"square\"\n\tdata-size=\"md\"\n\tdata-width=\"full-mobile\"\n\tdata-variant=\"outline\"\n\ttarget=\"_self\">\n\t\t\t<span class=\"label\"> Boka Prova p\u00e5-dag<\/span>\n\t\t\t<\/a>\n\t\t\t<\/div>\n\t<\/div>\n\n\t\t\n\n<\/section>\n\t<\/div>\n\n\t","protected":false},"excerpt":{"rendered":"","protected":false},"author":1,"featured_media":0,"parent":7,"menu_order":0,"comment_status":"closed","ping_status":"closed","template":"","meta":{"footnotes":""},"yoast_head":"<!-- This site is optimized with the Yoast SEO plugin v22.0 - https:\/\/yoast.com\/wordpress\/plugins\/seo\/ -->\n<title>F\u00e4rdighetsprov Musiker\/Artist i G\u00f6teborg | Rytmus gymnasium<\/title>\n<meta name=\"description\" content=\"N\u00e4r du ans\u00f6ker till Rytmus blir du ocks\u00e5 kallad till ett f\u00e4rdighetsprov. Ett tillf\u00e4lle d\u00e4r vi f\u00e5r tr\u00e4ffa dig och l\u00e4ra k\u00e4nna dig b\u00e4ttre.\" \/>\n<meta name=\"robots\" content=\"index, follow, max-snippet:-1, max-image-preview:large, max-video-preview:-1\" \/>\n<link rel=\"canonical\" href=\"https:\/\/rytmus.se\/goteborg\/ansok\/musiker-artist\/\" \/>\n<meta property=\"og:locale\" content=\"sv_SE\" \/>\n<meta property=\"og:type\" content=\"article\" \/>\n<meta property=\"og:title\" content=\"F\u00e4rdighetsprov Musiker\/Artist i G\u00f6teborg | Rytmus gymnasium\" \/>\n<meta property=\"og:description\" content=\"N\u00e4r du ans\u00f6ker till Rytmus blir du ocks\u00e5 kallad till ett f\u00e4rdighetsprov. Ett tillf\u00e4lle d\u00e4r vi f\u00e5r tr\u00e4ffa dig och l\u00e4ra k\u00e4nna dig b\u00e4ttre.\" \/>\n<meta property=\"og:url\" content=\"https:\/\/rytmus.se\/goteborg\/ansok\/musiker-artist\/\" \/>\n<meta property=\"og:site_name\" content=\"G\u00f6teborg\" \/>\n<meta property=\"article:modified_time\" content=\"2026-02-17T08:43:14+00:00\" \/>\n<meta name=\"twitter:card\" content=\"summary_large_image\" \/>\n<meta name=\"twitter:title\" content=\"F\u00e4rdighetsprov Musiker\/Artist i G\u00f6teborg | Rytmus gymnasium\" \/>\n<meta name=\"twitter:description\" content=\"N\u00e4r du ans\u00f6ker till Rytmus blir du ocks\u00e5 kallad till ett f\u00e4rdighetsprov. Ett tillf\u00e4lle d\u00e4r vi f\u00e5r tr\u00e4ffa dig och l\u00e4ra k\u00e4nna dig b\u00e4ttre.\" \/>\n<meta name=\"twitter:label1\" content=\"Ber\u00e4knad l\u00e4stid\" \/>\n\t<meta name=\"twitter:data1\" content=\"3 minuter\" \/>\n<script type=\"application\/ld+json\" class=\"yoast-schema-graph\">{\"@context\":\"https:\/\/schema.org\",\"@graph\":[{\"@type\":\"WebPage\",\"@id\":\"https:\/\/rytmus.se\/goteborg\/ansok\/musiker-artist\/\",\"url\":\"https:\/\/rytmus.se\/goteborg\/ansok\/musiker-artist\/\",\"name\":\"F\u00e4rdighetsprov Musiker\/Artist i G\u00f6teborg | Rytmus gymnasium\",\"isPartOf\":{\"@id\":\"https:\/\/rytmus.se\/goteborg\/#website\"},\"datePublished\":\"2022-07-25T20:56:05+00:00\",\"dateModified\":\"2026-02-17T08:43:14+00:00\",\"description\":\"N\u00e4r du ans\u00f6ker till Rytmus blir du ocks\u00e5 kallad till ett f\u00e4rdighetsprov. Ett tillf\u00e4lle d\u00e4r vi f\u00e5r tr\u00e4ffa dig och l\u00e4ra k\u00e4nna dig b\u00e4ttre.\",\"breadcrumb\":{\"@id\":\"https:\/\/rytmus.se\/goteborg\/ansok\/musiker-artist\/#breadcrumb\"},\"inLanguage\":\"sv-SE\",\"potentialAction\":[{\"@type\":\"ReadAction\",\"target\":[\"https:\/\/rytmus.se\/goteborg\/ansok\/musiker-artist\/\"]}]},{\"@type\":\"BreadcrumbList\",\"@id\":\"https:\/\/rytmus.se\/goteborg\/ansok\/musiker-artist\/#breadcrumb\",\"itemListElement\":[{\"@type\":\"ListItem\",\"position\":1,\"name\":\"Start\",\"item\":\"https:\/\/rytmus.se\/goteborg\/\"},{\"@type\":\"ListItem\",\"position\":2,\"name\":\"Ans\u00f6k\",\"item\":\"https:\/\/rytmus.se\/goteborg\/ansok\/\"},{\"@type\":\"ListItem\",\"position\":3,\"name\":\"Ans\u00f6k Musiker\/Artist\"}]},{\"@type\":\"WebSite\",\"@id\":\"https:\/\/rytmus.se\/goteborg\/#website\",\"url\":\"https:\/\/rytmus.se\/goteborg\/\",\"name\":\"G\u00f6teborg\",\"description\":\"MAKE | MUSIC | LIVE\",\"potentialAction\":[{\"@type\":\"SearchAction\",\"target\":{\"@type\":\"EntryPoint\",\"urlTemplate\":\"https:\/\/rytmus.se\/goteborg\/?s={search_term_string}\"},\"query-input\":\"required name=search_term_string\"}],\"inLanguage\":\"sv-SE\"}]}<\/script>\n<!-- \/ Yoast SEO plugin. -->","yoast_head_json":{"title":"F\u00e4rdighetsprov Musiker\/Artist i G\u00f6teborg | Rytmus gymnasium","description":"N\u00e4r du ans\u00f6ker till Rytmus blir du ocks\u00e5 kallad till ett f\u00e4rdighetsprov. Ett tillf\u00e4lle d\u00e4r vi f\u00e5r tr\u00e4ffa dig och l\u00e4ra k\u00e4nna dig b\u00e4ttre.","robots":{"index":"index","follow":"follow","max-snippet":"max-snippet:-1","max-image-preview":"max-image-preview:large","max-video-preview":"max-video-preview:-1"},"canonical":"https:\/\/rytmus.se\/goteborg\/ansok\/musiker-artist\/","og_locale":"sv_SE","og_type":"article","og_title":"F\u00e4rdighetsprov Musiker\/Artist i G\u00f6teborg | Rytmus gymnasium","og_description":"N\u00e4r du ans\u00f6ker till Rytmus blir du ocks\u00e5 kallad till ett f\u00e4rdighetsprov. Ett tillf\u00e4lle d\u00e4r vi f\u00e5r tr\u00e4ffa dig och l\u00e4ra k\u00e4nna dig b\u00e4ttre.","og_url":"https:\/\/rytmus.se\/goteborg\/ansok\/musiker-artist\/","og_site_name":"G\u00f6teborg","article_modified_time":"2026-02-17T08:43:14+00:00","twitter_card":"summary_large_image","twitter_title":"F\u00e4rdighetsprov Musiker\/Artist i G\u00f6teborg | Rytmus gymnasium","twitter_description":"N\u00e4r du ans\u00f6ker till Rytmus blir du ocks\u00e5 kallad till ett f\u00e4rdighetsprov. Ett tillf\u00e4lle d\u00e4r vi f\u00e5r tr\u00e4ffa dig och l\u00e4ra k\u00e4nna dig b\u00e4ttre.","twitter_misc":{"Ber\u00e4knad l\u00e4stid":"3 minuter"},"schema":{"@context":"https:\/\/schema.org","@graph":[{"@type":"WebPage","@id":"https:\/\/rytmus.se\/goteborg\/ansok\/musiker-artist\/","url":"https:\/\/rytmus.se\/goteborg\/ansok\/musiker-artist\/","name":"F\u00e4rdighetsprov Musiker\/Artist i G\u00f6teborg | Rytmus gymnasium","isPartOf":{"@id":"https:\/\/rytmus.se\/goteborg\/#website"},"datePublished":"2022-07-25T20:56:05+00:00","dateModified":"2026-02-17T08:43:14+00:00","description":"N\u00e4r du ans\u00f6ker till Rytmus blir du ocks\u00e5 kallad till ett f\u00e4rdighetsprov. Ett tillf\u00e4lle d\u00e4r vi f\u00e5r tr\u00e4ffa dig och l\u00e4ra k\u00e4nna dig b\u00e4ttre.","breadcrumb":{"@id":"https:\/\/rytmus.se\/goteborg\/ansok\/musiker-artist\/#breadcrumb"},"inLanguage":"sv-SE","potentialAction":[{"@type":"ReadAction","target":["https:\/\/rytmus.se\/goteborg\/ansok\/musiker-artist\/"]}]},{"@type":"BreadcrumbList","@id":"https:\/\/rytmus.se\/goteborg\/ansok\/musiker-artist\/#breadcrumb","itemListElement":[{"@type":"ListItem","position":1,"name":"Start","item":"https:\/\/rytmus.se\/goteborg\/"},{"@type":"ListItem","position":2,"name":"Ans\u00f6k","item":"https:\/\/rytmus.se\/goteborg\/ansok\/"},{"@type":"ListItem","position":3,"name":"Ans\u00f6k Musiker\/Artist"}]},{"@type":"WebSite","@id":"https:\/\/rytmus.se\/goteborg\/#website","url":"https:\/\/rytmus.se\/goteborg\/","name":"G\u00f6teborg","description":"MAKE | MUSIC | LIVE","potentialAction":[{"@type":"SearchAction","target":{"@type":"EntryPoint","urlTemplate":"https:\/\/rytmus.se\/goteborg\/?s={search_term_string}"},"query-input":"required name=search_term_string"}],"inLanguage":"sv-SE"}]}},"_links":{"self":[{"href":"https:\/\/rytmus.se\/goteborg\/wp-json\/wp\/v2\/pages\/9"}],"collection":[{"href":"https:\/\/rytmus.se\/goteborg\/wp-json\/wp\/v2\/pages"}],"about":[{"href":"https:\/\/rytmus.se\/goteborg\/wp-json\/wp\/v2\/types\/page"}],"author":[{"embeddable":true,"href":"https:\/\/rytmus.se\/goteborg\/wp-json\/wp\/v2\/users\/1"}],"replies":[{"embeddable":true,"href":"https:\/\/rytmus.se\/goteborg\/wp-json\/wp\/v2\/comments?post=9"}],"version-history":[{"count":10,"href":"https:\/\/rytmus.se\/goteborg\/wp-json\/wp\/v2\/pages\/9\/revisions"}],"predecessor-version":[{"id":2589,"href":"https:\/\/rytmus.se\/goteborg\/wp-json\/wp\/v2\/pages\/9\/revisions\/2589"}],"up":[{"embeddable":true,"href":"https:\/\/rytmus.se\/goteborg\/wp-json\/wp\/v2\/pages\/7"}],"wp:attachment":[{"href":"https:\/\/rytmus.se\/goteborg\/wp-json\/wp\/v2\/media?parent=9"}],"curies":[{"name":"wp","href":"https:\/\/api.w.org\/{rel}","templated":true}]}}